{"id":330,"date":"2017-02-20T10:13:21","date_gmt":"2017-02-20T09:13:21","guid":{"rendered":"http:\/\/mxajfmgl.preview.infomaniak.website\/?page_id=330"},"modified":"2025-04-11T15:19:00","modified_gmt":"2025-04-11T13:19:00","slug":"presentatie","status":"publish","type":"page","link":"https:\/\/www.infosourds.be\/nl\/qui-sommes-nous\/nos-statuts","title":{"rendered":"Onze statuten"},"content":{"rendered":"<p>[et_pb_section fb_built=\u00a0\u00bb1&Prime; _builder_version=\u00a0\u00bb4.16&Prime; custom_padding=\u00a0\u00bb3px|0px|0|0px|false|false\u00a0\u00bb da_disable_devices=\u00a0\u00bboff|off|off\u00a0\u00bb global_colors_info=\u00a0\u00bb{}\u00a0\u00bb da_is_popup=\u00a0\u00bboff\u00a0\u00bb da_exit_intent=\u00a0\u00bboff\u00a0\u00bb da_has_close=\u00a0\u00bbon\u00a0\u00bb da_alt_close=\u00a0\u00bboff\u00a0\u00bb da_dark_close=\u00a0\u00bboff\u00a0\u00bb da_not_modal=\u00a0\u00bbon\u00a0\u00bb da_is_singular=\u00a0\u00bboff\u00a0\u00bb da_with_loader=\u00a0\u00bboff\u00a0\u00bb da_has_shadow=\u00a0\u00bbon\u00a0\u00bb][et_pb_row _builder_version=\u00a0\u00bb4.20.2&Prime; _module_preset=\u00a0\u00bbdefault\u00a0\u00bb global_colors_info=\u00a0\u00bb{}\u00a0\u00bb][et_pb_column type=\u00a0\u00bb4_4&Prime; _builder_version=\u00a0\u00bb4.20.2&Prime; _module_preset=\u00a0\u00bbdefault\u00a0\u00bb global_colors_info=\u00a0\u00bb{}\u00a0\u00bb][et_pb_text _builder_version=\u00a0\u00bb4.27.4&Prime; _module_preset=\u00a0\u00bbdefault\u00a0\u00bb global_colors_info=\u00a0\u00bb{}\u00a0\u00bb]<\/p>\n<h1 style=\"text-align: center;\"><span style=\"color: #000000;\"><strong>Les statuts 2023 d&rsquo;Info-Sourds de Bruxelles<\/strong><\/span><\/h1>\n<p>[\/et_pb_text][\/et_pb_column][\/et_pb_row][et_pb_row _builder_version=\u00a0\u00bb4.27.4&Prime; _module_preset=\u00a0\u00bbdefault\u00a0\u00bb global_colors_info=\u00a0\u00bb{}\u00a0\u00bb custom_padding=\u00a0\u00bb||0px|||\u00a0\u00bb][et_pb_column type=\u00a0\u00bb4_4&Prime; _builder_version=\u00a0\u00bb4.27.4&Prime; _module_preset=\u00a0\u00bbdefault\u00a0\u00bb global_colors_info=\u00a0\u00bb{}\u00a0\u00bb][et_pb_text _builder_version=\u00a0\u00bb4.27.4&Prime; _module_preset=\u00a0\u00bbdefault\u00a0\u00bb custom_margin=\u00a0\u00bb||6px|||\u00a0\u00bb global_colors_info=\u00a0\u00bb{}\u00a0\u00bb]<\/p>\n<h2><strong><span style=\"color: #3366ff;\">TITRE I &#8211; D\u00c9NOMINATION, SI\u00c8GE SOCIAL, BUT ET <\/span><span style=\"color: #3366ff;\">DUR\u00c9E<\/span><\/strong><\/h2>\n<p>[\/et_pb_text][et_pb_text _builder_version=\u00a0\u00bb4.27.4&Prime; _module_preset=\u00a0\u00bbdefault\u00a0\u00bb custom_margin=\u00a0\u00bb||17px|||\u00a0\u00bb global_colors_info=\u00a0\u00bb{}\u00a0\u00bb]<\/p>\n<h3><span style=\"color: #3366ff;\">Article 1 : d\u00e9nomination et mention<\/span><\/h3>\n<p>[\/et_pb_text][et_pb_text _builder_version=\u00a0\u00bb4.27.4&Prime; _module_preset=\u00a0\u00bbdefault\u00a0\u00bb min_height=\u00a0\u00bb339.7px\u00a0\u00bb custom_padding=\u00a0\u00bb0px||18px|||\u00a0\u00bb global_colors_info=\u00a0\u00bb{}\u00a0\u00bb]<\/p>\n<p style=\"text-align: justify;\">L\u2019association est d\u00e9nomm\u00e9e \u00ab\u00a0Info-Sourds de Bruxelles\u00a0\u00bb en abr\u00e9g\u00e9 \u00ab\u00a0ISB\u00a0\u00bb.<br \/>Tous les actes, factures, annonces, publications, lettres, sites internet et autres documents, sous forme \u00e9lectronique ou non, \u00e9manant de l\u2019association, doivent contenir :<\/p>\n<p style=\"text-align: justify;\">&#8211; La d\u00e9nomination de la personne morale, imm\u00e9diatement pr\u00e9c\u00e9d\u00e9e ou suivie de \u00ab\u00a0asbl\u00a0\u00bb ou \u00ab\u00a0association sans but lucratif\u00a0\u00bb,<br \/>&#8211; L\u2019indication pr\u00e9cise du si\u00e8ge social de la personne morale,<br \/>&#8211; Le num\u00e9ro d\u2019entreprise,<br \/>&#8211; Les termes \u00ab\u00a0registre des personnes morales\u00a0\u00bb ou l&rsquo;abr\u00e9viation \u00ab\u00a0RPM\u00a0\u00bb suivis de l&rsquo;indication du tribunal du si\u00e8ge de l\u2019association,<br \/>&#8211; Le num\u00e9ro d\u2019au moins un compte dont l\u2019association est titulaire aupr\u00e8s d\u2019un \u00e9tablissement de cr\u00e9dit \u00e9tabli en Belgique,<br \/>&#8211; Le cas \u00e9ch\u00e9ant, l\u2019adresse \u00e9lectronique et le site internet de la personne morale,<br \/>&#8211; Le cas \u00e9ch\u00e9ant, l\u2019indication que la personne morale est en liquidation.<\/p>\n<p style=\"text-align: justify;\">Toute personne qui intervient pour l\u2019association dans un document vis\u00e9 ci-dessus o\u00f9 l\u2019une des mentions ne figure pas, peut \u00eatre d\u00e9clar\u00e9e personnellement responsable de tout ou partie des engagements qui y sont pris.<\/p>\n<p>[\/et_pb_text][et_pb_text _builder_version=\u00a0\u00bb4.27.4&Prime; _module_preset=\u00a0\u00bbdefault\u00a0\u00bb custom_margin=\u00a0\u00bb-26px||17px|||\u00a0\u00bb global_colors_info=\u00a0\u00bb{}\u00a0\u00bb]<\/p>\n<h3><span style=\"color: #3366ff;\">Article 2 : si\u00e8ge social<\/span><\/h3>\n<p>[\/et_pb_text][et_pb_text _builder_version=\u00a0\u00bb4.27.4&Prime; _module_preset=\u00a0\u00bbdefault\u00a0\u00bb min_height=\u00a0\u00bb92.7px\u00a0\u00bb custom_padding=\u00a0\u00bb0px||33px|||\u00a0\u00bb global_colors_info=\u00a0\u00bb{}\u00a0\u00bb]<\/p>\n<p style=\"text-align: justify;\">Son si\u00e8ge social est \u00e9tabli sur le territoire de la R\u00e9gion de Bruxelles-Capitale.<br \/>L\u2019adresse de son site internet est <a href=\"https:\/\/www.infosourds.be\/\" target=\"_blank\" rel=\"noopener\">www.infosourds.be<\/a> et son adresse \u00e9lectronique est la suivante : <a href=\"mailto:direction@infosourds.be\" target=\"_blank\" rel=\"noopener\">direction@infosourds.be<\/a>.<br \/>L\u2019organe d\u2019administration est comp\u00e9tent pour d\u00e9terminer l\u2019adresse du si\u00e8ge social.<\/p>\n<p>[\/et_pb_text][et_pb_text _builder_version=\u00a0\u00bb4.27.4&Prime; _module_preset=\u00a0\u00bbdefault\u00a0\u00bb custom_margin=\u00a0\u00bb-26px||17px|||\u00a0\u00bb custom_padding=\u00a0\u00bb||11px|||\u00a0\u00bb global_colors_info=\u00a0\u00bb{}\u00a0\u00bb]<\/p>\n<h3><span style=\"color: #3366ff;\">Article 3 : but social (finalit\u00e9 d\u00e9sint\u00e9ress\u00e9e) et objet social (activit\u00e9s pour parvenir \u00e0 la r\u00e9alisation de ce but)<\/span><\/h3>\n<p>[\/et_pb_text][et_pb_text _builder_version=\u00a0\u00bb4.27.4&Prime; _module_preset=\u00a0\u00bbdefault\u00a0\u00bb min_height=\u00a0\u00bb790.6px\u00a0\u00bb custom_padding=\u00a0\u00bb||29px|||\u00a0\u00bb global_colors_info=\u00a0\u00bb{}\u00a0\u00bb]<\/p>\n<p style=\"text-align: justify;\">L\u2019asbl Info-Sourds de Bruxelles a \u00e9t\u00e9 cr\u00e9\u00e9e en 1996.<br \/>Info-Sourds a pour <span style=\"text-decoration: underline;\">but social<\/span> l\u2019inclusion et l\u2019autonomie des personnes sourdes et malentendantes principalement bruxelloises gr\u00e2ce \u00e0 des actions, individuelles ou<br \/>collectives, en langue des signes de Belgique francophone (LSFB) ou avec des moyens de communication visuels adapt\u00e9s.<br \/>Pour remplir ses missions, Info-Sourds propose entre autres les actions suivantes :<\/p>\n<p style=\"text-align: justify;\">\u2022 Un accompagnement global :<\/p>\n<p style=\"text-align: justify;\">Cet accompagnement consiste en un soutien dans tout type de d\u00e9marche du quotidien : logement, l\u00e9gislation, famille, budget, d\u00e9marches administratives, loisirs, sant\u00e9, etc.<\/p>\n<p style=\"text-align: justify;\">\u2022 Un accompagnement \u00e0 l\u2019emploi :<\/p>\n<p style=\"text-align: justify;\">Cet accompagnement r\u00e9side en une aide globale et compl\u00e8te sur tout ce qui se rapporte \u00e0 l\u2019emploi :<\/p>\n<p style=\"text-align: justify;\">\u00a0 \u00a0 &#8211; Pour les chercheurs d\u2019emploi : inscription chez Actiris, inscription au service PHARE, des conseils en orientation, r\u00e9alisation d\u2019un curriculum vitae, d\u2019une lettre de motivation, envoi des candidatures, pr\u00e9paration et accompagnement aux entretiens d\u2019embauche, etc.<\/p>\n<p style=\"text-align: justify;\">\u00a0 \u00a0 &#8211; Pour les travailleurs : une demande d\u2019am\u00e9nagement raisonnables, des formations, r\u00e9union avec des responsables, etc.<\/p>\n<p style=\"text-align: justify;\">\u2022 Des formations :<\/p>\n<p style=\"text-align: justify;\">Le service propose divers modules d\u2019alphab\u00e9tisation, de fran\u00e7ais, de calcul, d\u2019initiation aux nouvelles technologies, etc.<\/p>\n<p style=\"text-align: justify;\">\u2022 Des prestations d\u2019interpr\u00e9tation et de translit\u00e9ration :<\/p>\n<p style=\"text-align: justify;\">Ces derni\u00e8res vont de l\u2019interpr\u00e9tation en LSFB \u00e0 la translitt\u00e9ration, comprenant la Langue Fran\u00e7aise Parl\u00e9e Compl\u00e9t\u00e9e (LPC), la lecture labiale et le fran\u00e7ais sign\u00e9.<\/p>\n<p style=\"text-align: justify;\">\u2022 Elle peut d\u00e9velopper toutes autres actions dans l\u2019int\u00e9r\u00eat direct ou indirect des b\u00e9n\u00e9ficiaires pr\u00e9cit\u00e9s.<\/p>\n<p style=\"text-align: justify;\">L\u2019association peut recevoir toute aide ou contribution mat\u00e9rielle ou financi\u00e8re, de personnes morales, publiques ou priv\u00e9es, ou de personnes physiques. Les fonds et mat\u00e9riels ainsi<br \/>r\u00e9colt\u00e9s doivent servir exclusivement \u00e0 la r\u00e9alisation du but social.<br \/>L&rsquo;association peut pr\u00eater son concours et s&rsquo;int\u00e9resser \u00e0 toutes activit\u00e9s d\u2019organisations qui poursuivent un but similaire.<br \/>L\u2019association peut entreprendre certaines activit\u00e9s \u00e9conomiques, notamment de type d\u2019\u00e9conomie social, \u00e0 condition que le produit soit affect\u00e9 exclusivement \u00e0 l\u2019objet social.<br \/>L\u2019association peut faire tous les actes n\u00e9cessaires ou utiles \u00e0 la r\u00e9alisation de son objet social dont acqu\u00e9rir ou poss\u00e9der en propri\u00e9t\u00e9s ou autrement des biens meubles ou immeubles. Elle peut utiliser ses biens, les g\u00e9rer ou les mettre \u00e0 disposition dans le respect de l\u2019objet social repris ci-avant.<\/p>\n<p>[\/et_pb_text][et_pb_text _builder_version=\u00a0\u00bb4.27.4&Prime; _module_preset=\u00a0\u00bbdefault\u00a0\u00bb custom_margin=\u00a0\u00bb-26px||17px|||\u00a0\u00bb custom_padding=\u00a0\u00bb||11px|||\u00a0\u00bb global_colors_info=\u00a0\u00bb{}\u00a0\u00bb]<\/p>\n<h3><span style=\"color: #3366ff;\">Article 4 : dur\u00e9e de l\u2019association<\/span><\/h3>\n<p>[\/et_pb_text][et_pb_text _builder_version=\u00a0\u00bb4.27.4&Prime; _module_preset=\u00a0\u00bbdefault\u00a0\u00bb min_height=\u00a0\u00bb74.6px\u00a0\u00bb custom_margin=\u00a0\u00bb||6px|||\u00a0\u00bb custom_padding=\u00a0\u00bb||0px|||\u00a0\u00bb global_colors_info=\u00a0\u00bb{}\u00a0\u00bb]<\/p>\n<p style=\"text-align: justify;\">L\u2019association est constitu\u00e9e pour une dur\u00e9e ind\u00e9termin\u00e9e. Elle peut \u00eatre dissoute \u00e0 tout moment par d\u00e9cision de l&rsquo;Assembl\u00e9e G\u00e9n\u00e9rale d\u00e9lib\u00e9rant conform\u00e9ment aux dispositions l\u00e9gales et statutaires.<\/p>\n<p>[\/et_pb_text][\/et_pb_column][\/et_pb_row][et_pb_row _builder_version=\u00a0\u00bb4.27.4&Prime; _module_preset=\u00a0\u00bbdefault\u00a0\u00bb min_height=\u00a0\u00bb1381.3px\u00a0\u00bb custom_margin=\u00a0\u00bb|auto|-34px|auto||\u00a0\u00bb custom_padding=\u00a0\u00bb0px||0px|||\u00a0\u00bb hover_enabled=\u00a0\u00bb0&Prime; global_colors_info=\u00a0\u00bb{}\u00a0\u00bb sticky_enabled=\u00a0\u00bb0&Prime;][et_pb_column type=\u00a0\u00bb4_4&Prime; _builder_version=\u00a0\u00bb4.27.4&Prime; _module_preset=\u00a0\u00bbdefault\u00a0\u00bb global_colors_info=\u00a0\u00bb{}\u00a0\u00bb][et_pb_text _builder_version=\u00a0\u00bb4.27.4&Prime; _module_preset=\u00a0\u00bbdefault\u00a0\u00bb global_colors_info=\u00a0\u00bb{}\u00a0\u00bb]<\/p>\n<h2><strong><span style=\"color: #3366ff;\">TITRE II &#8211; MEMBRES<\/span><\/strong><\/h2>\n<p>[\/et_pb_text][et_pb_text _builder_version=\u00a0\u00bb4.27.4&Prime; _module_preset=\u00a0\u00bbdefault\u00a0\u00bb custom_margin=\u00a0\u00bb-26px||17px|||\u00a0\u00bb custom_padding=\u00a0\u00bb||11px|||\u00a0\u00bb global_colors_info=\u00a0\u00bb{}\u00a0\u00bb]<\/p>\n<h3><span style=\"color: #3366ff;\">Article. 5 : conditions d\u2019admission des membres effectifs et sympathisants\u00a0<\/span><\/h3>\n<p>[\/et_pb_text][et_pb_text _builder_version=\u00a0\u00bb4.27.4&Prime; _module_preset=\u00a0\u00bbdefault\u00a0\u00bb global_colors_info=\u00a0\u00bb{}\u00a0\u00bb]<\/p>\n<p style=\"text-align: justify;\">L\u2019association est compos\u00e9e de membres effectifs au nombre de sept au moins.<br \/>Sont <span style=\"text-decoration: underline;\">membres effectifs<\/span> les personnes physiques ou morales, int\u00e9ress\u00e9es par le but de l\u2019association et s&rsquo;engageant \u00e0 respecter ses statuts, pour autant qu\u2019elles soient admises en cette qualit\u00e9 par l\u2019Assembl\u00e9e G\u00e9n\u00e9rale, statuant \u00e0 la majorit\u00e9 absolue (50% + une voix).<\/p>\n<p style=\"text-align: justify;\">Les membres effectifs composent l\u2019Assembl\u00e9e G\u00e9n\u00e9rale, qui est compos\u00e9e de personnes sourdes ou malentendantes et de personnes entendantes.<br \/>Toute personne d\u00e9sirant devenir membre effectif de l&rsquo;association, qu\u2019elle soit une personne physique ou morale, doit adresser une demande \u00e9crite \u00e0 l\u2019organe d&rsquo;administration. En cas de candidature d\u2019une personne morale, celle-ci indique la personne physique charg\u00e9e de la repr\u00e9senter.<br \/>L&rsquo;association peut compter des <span style=\"text-decoration: underline;\">membres sympathisants<\/span> qui apportent un soutien financier pour la r\u00e9alisation de l\u2019objet social.<br \/>Sont membres sympathisants les personnes physiques ou morales, int\u00e9ress\u00e9es par le but de l\u2019association et s&rsquo;engageant \u00e0 respecter ses statuts, pour autant qu\u2019elles soient admises en cette qualit\u00e9 par l\u2019organe d\u2019administration.<\/p>\n<p>[\/et_pb_text][et_pb_text _builder_version=\u00a0\u00bb4.27.4&Prime; _module_preset=\u00a0\u00bbdefault\u00a0\u00bb min_height=\u00a0\u00bb14px\u00a0\u00bb custom_margin=\u00a0\u00bb-4px||17px|||\u00a0\u00bb custom_padding=\u00a0\u00bb||11px|||\u00a0\u00bb global_colors_info=\u00a0\u00bb{}\u00a0\u00bb]<\/p>\n<h3><span style=\"color: #3366ff;\">Article 6 : droits des membres effectifs\u00a0<\/span><\/h3>\n<p>[\/et_pb_text][et_pb_text _builder_version=\u00a0\u00bb4.27.4&Prime; _module_preset=\u00a0\u00bbdefault\u00a0\u00bb min_height=\u00a0\u00bb17.8px\u00a0\u00bb custom_padding=\u00a0\u00bb1px|||||\u00a0\u00bb global_colors_info=\u00a0\u00bb{}\u00a0\u00bb]<\/p>\n<p style=\"text-align: justify;\">Seuls les membres effectifs jouissent de la pl\u00e9nitude des droits accord\u00e9s aux membres par la loi et les pr\u00e9sents statuts.<\/p>\n<p>[\/et_pb_text][et_pb_text _builder_version=\u00a0\u00bb4.27.4&Prime; _module_preset=\u00a0\u00bbdefault\u00a0\u00bb min_height=\u00a0\u00bb14px\u00a0\u00bb custom_margin=\u00a0\u00bb-4px||17px|||\u00a0\u00bb custom_padding=\u00a0\u00bb||11px|||\u00a0\u00bb global_colors_info=\u00a0\u00bb{}\u00a0\u00bb]<\/p>\n<h3><span style=\"color: #3366ff;\">Article 7 : d\u00e9mission exclusion des membres effectifs et sympathisants<\/span><\/h3>\n<p>[\/et_pb_text][et_pb_text _builder_version=\u00a0\u00bb4.27.4&Prime; _module_preset=\u00a0\u00bbdefault\u00a0\u00bb global_colors_info=\u00a0\u00bb{}\u00a0\u00bb]<\/p>\n<p style=\"text-align: justify;\">Les membres effectifs et sympathisants sont libres de se retirer \u00e0 tout moment de l&rsquo;association en adressant leur d\u00e9mission par \u00e9crit \u00e0 l\u2019organe d&rsquo;administration.<br \/>Est r\u00e9put\u00e9 d\u00e9missionnaire, le membre effectif qui n\u2019assiste pas ou qui ne se fait pas repr\u00e9senter \u00e0 plus de deux Assembl\u00e9es G\u00e9n\u00e9rales cons\u00e9cutives.<br \/>L\u2019exclusion d&rsquo;un <span style=\"text-decoration: underline;\">membre effectif<\/span> est prononc\u00e9e par l\u2019Assembl\u00e9e G\u00e9n\u00e9rale. Cette derni\u00e8re ne peut valablement se prononcer que si l\u2019exclusion est explicitement indiqu\u00e9e dans la convocation et si l&rsquo;assembl\u00e9e r\u00e9unit au moins les 2\/3 des membres effectifs, qu&rsquo;ils soient pr\u00e9sents ou repr\u00e9sent\u00e9s. L&rsquo;exclusion est prononc\u00e9e au scrutin secret, \u00e0 la majorit\u00e9 des 2\/3 des voix pr\u00e9sentes ou repr\u00e9sent\u00e9es, apr\u00e8s que le membre ait \u00e9t\u00e9 entendu, s\u2019il le d\u00e9sire.<br \/>Dans ce cas, les votes nuls, blancs ainsi que les abstentions ne sont pas prises en compte, ni au num\u00e9rateur, ni au d\u00e9nominateur.<br \/>L&rsquo;exclusion d&rsquo;un <span style=\"text-decoration: underline;\">membre sympathisant<\/span> peut \u00eatre prononc\u00e9e par l\u2019organe d&rsquo;administration statuant \u00e0 la majorit\u00e9 des 2\/3 des voix des membres effectifs pr\u00e9sents ou repr\u00e9sent\u00e9s.<br \/>L\u2019organe d&rsquo;administration peut suspendre, jusqu&rsquo;\u00e0 la d\u00e9cision de l&rsquo;Assembl\u00e9e G\u00e9n\u00e9rale, les membres effectifs qui se seraient rendus coupables d&rsquo;infraction grave aux statuts ou aux<br \/>lois.<br \/>Le membre effectif et sympathisant d\u00e9missionnaire ou exclu n&rsquo;a aucun droit sur le fonds social.<\/p>\n<p>[\/et_pb_text][et_pb_text _builder_version=\u00a0\u00bb4.27.4&Prime; _module_preset=\u00a0\u00bbdefault\u00a0\u00bb min_height=\u00a0\u00bb14px\u00a0\u00bb custom_margin=\u00a0\u00bb-4px||17px|||\u00a0\u00bb custom_padding=\u00a0\u00bb||11px|||\u00a0\u00bb global_colors_info=\u00a0\u00bb{}\u00a0\u00bb]<\/p>\n<h3><span style=\"color: #3366ff;\">Article 8 : registre des membres effectifs\u00a0<\/span><\/h3>\n<p>[\/et_pb_text][et_pb_text _builder_version=\u00a0\u00bb4.27.4&Prime; _module_preset=\u00a0\u00bbdefault\u00a0\u00bb global_colors_info=\u00a0\u00bb{}\u00a0\u00bb]<\/p>\n<p style=\"text-align: justify;\">L\u2019association tient un registre des <span style=\"text-decoration: underline;\">membres effectifs<\/span>, sous la responsabilit\u00e9 de l\u2019organe d\u2019administration. Ce registre reprend les noms, pr\u00e9noms et domicile des membres, ou lorsqu\u2019il s\u2019agit d\u2019une personne morale, la d\u00e9nomination sociale, la forme juridique et l\u2019adresse du si\u00e8ge social.<br \/>Toute d\u00e9cision d\u2019admission, de d\u00e9mission ou d\u2019exclusion sont inscrites au registre \u00e0 la diligence de l\u2019organe d\u2019administration end\u00e9ans les huit jours de la connaissance que l\u2019organe a eue de la ou des modifications intervenues.<\/p>\n<p style=\"text-align: justify;\">Tous les membres effectifs peuvent consulter, au si\u00e8ge social de l\u2019association, le registre des membres, sur simple demande \u00e9crite et motiv\u00e9e adress\u00e9e \u00e0 l\u2019organe d\u2019administration de l\u2019association, mais sans d\u00e9placement du registre.<\/p>\n<p>[\/et_pb_text][et_pb_text _builder_version=\u00a0\u00bb4.27.4&Prime; _module_preset=\u00a0\u00bbdefault\u00a0\u00bb min_height=\u00a0\u00bb14px\u00a0\u00bb custom_margin=\u00a0\u00bb-4px||17px|||\u00a0\u00bb custom_padding=\u00a0\u00bb||11px|||\u00a0\u00bb global_colors_info=\u00a0\u00bb{}\u00a0\u00bb]<\/p>\n<h3><span style=\"color: #3366ff;\">Article 9 : cotisation\u00a0<\/span><\/h3>\n<p>[\/et_pb_text][et_pb_text _builder_version=\u00a0\u00bb4.27.4&Prime; _module_preset=\u00a0\u00bbdefault\u00a0\u00bb global_colors_info=\u00a0\u00bb{}\u00a0\u00bb]<\/p>\n<p style=\"text-align: justify;\">Les membres effectifs ne sont tenus au paiement d&rsquo;aucune cotisation.<\/p>\n<p>[\/et_pb_text][et_pb_text _builder_version=\u00a0\u00bb4.27.4&Prime; _module_preset=\u00a0\u00bbdefault\u00a0\u00bb min_height=\u00a0\u00bb14px\u00a0\u00bb custom_margin=\u00a0\u00bb-4px||17px|||\u00a0\u00bb custom_padding=\u00a0\u00bb||11px|||\u00a0\u00bb global_colors_info=\u00a0\u00bb{}\u00a0\u00bb]<\/p>\n<h3><span style=\"color: #3366ff;\">Article 10 : responsabilit\u00e9\u00a0<\/span><\/h3>\n<p>[\/et_pb_text][et_pb_text _builder_version=\u00a0\u00bb4.27.4&Prime; _module_preset=\u00a0\u00bbdefault\u00a0\u00bb global_colors_info=\u00a0\u00bb{}\u00a0\u00bb]<\/p>\n<p style=\"text-align: justify;\">Les membres effectifs et sympathisants ne sont pas tenus responsables des engagements pris au nom de l\u2019association.<\/p>\n<p>[\/et_pb_text][\/et_pb_column][\/et_pb_row][et_pb_row _builder_version=\u00a0\u00bb4.27.4&Prime; _module_preset=\u00a0\u00bbdefault\u00a0\u00bb min_height=\u00a0\u00bb2214.9px\u00a0\u00bb custom_padding=\u00a0\u00bb0px||52px|||\u00a0\u00bb global_colors_info=\u00a0\u00bb{}\u00a0\u00bb custom_margin=\u00a0\u00bb-26px|auto||auto||\u00a0\u00bb][et_pb_column type=\u00a0\u00bb4_4&Prime; _builder_version=\u00a0\u00bb4.27.4&Prime; _module_preset=\u00a0\u00bbdefault\u00a0\u00bb global_colors_info=\u00a0\u00bb{}\u00a0\u00bb][et_pb_text _builder_version=\u00a0\u00bb4.27.4&Prime; _module_preset=\u00a0\u00bbdefault\u00a0\u00bb custom_margin=\u00a0\u00bb-40px||14px|||\u00a0\u00bb global_colors_info=\u00a0\u00bb{}\u00a0\u00bb custom_padding=\u00a0\u00bb0px||1px|||\u00a0\u00bb]<\/p>\n<h2><span style=\"color: #3366ff;\"><strong>TITRE III \u2013 ASSEMBL\u00c9E G\u00c9N\u00c9RALE<\/strong><\/span><\/h2>\n<p>[\/et_pb_text][et_pb_text _builder_version=\u00a0\u00bb4.27.4&Prime; _module_preset=\u00a0\u00bbdefault\u00a0\u00bb min_height=\u00a0\u00bb14px\u00a0\u00bb custom_margin=\u00a0\u00bb-4px||17px|||\u00a0\u00bb custom_padding=\u00a0\u00bb||11px|||\u00a0\u00bb global_colors_info=\u00a0\u00bb{}\u00a0\u00bb]<\/p>\n<h3><span style=\"color: #3366ff;\">Article 11 : les pouvoirs de l\u2019Assembl\u00e9e G\u00e9n\u00e9rale \u00a0<\/span><\/h3>\n<p>[\/et_pb_text][et_pb_text _builder_version=\u00a0\u00bb4.27.4&Prime; _module_preset=\u00a0\u00bbdefault\u00a0\u00bb global_colors_info=\u00a0\u00bb{}\u00a0\u00bb]<\/p>\n<p style=\"text-align: justify;\">L&rsquo;Assembl\u00e9e G\u00e9n\u00e9rale poss\u00e8de les pouvoirs qui lui sont express\u00e9ment reconnus par la loi ou les pr\u00e9sents statuts.<br \/>Une d\u00e9cision de l\u2019Assembl\u00e9e G\u00e9n\u00e9rale est exig\u00e9e pour :<br \/>\u2022 La modification des statuts ;<br \/>\u2022 L&rsquo;approbation des comptes annuels et du budget ;<br \/>\u2022 La nomination et la r\u00e9vocation des administrateurs et la fixation de leur r\u00e9mun\u00e9ration dans les cas o\u00f9 une r\u00e9mun\u00e9ration leur est attribu\u00e9e ;<br \/>\u2022 Dans les cas pr\u00e9vus par la loi, la nomination et la r\u00e9vocation des commissaires et la fixation de leur r\u00e9mun\u00e9ration ;<br \/>\u2022 La d\u00e9charge \u00e0 octroyer aux administrateurs et, le cas \u00e9ch\u00e9ant, aux commissaires, ainsi que, le cas \u00e9ch\u00e9ant, l&rsquo;introduction d&rsquo;une action de l&rsquo;association contre les administrateurs et les commissaires ;<br \/>\u2022 L\u2019admission et l\u2019exclusion des membres effectifs ;<br \/>\u2022 La dissolution volontaire de l&rsquo;association ;<br \/>\u2022 La transformation de l&rsquo;ASBL en AISBL, en soci\u00e9t\u00e9 coop\u00e9rative agr\u00e9\u00e9e comme entreprise sociale et en soci\u00e9t\u00e9 coop\u00e9rative entreprise sociale agr\u00e9\u00e9e ;<br \/>\u2022 Effectuer ou accepter l&rsquo;apport \u00e0 titre gratuit d&rsquo;une universalit\u00e9 ;<br \/>\u2022 Tous les cas o\u00f9 les statuts l\u2019exigent.<\/p>\n<p>[\/et_pb_text][et_pb_text _builder_version=\u00a0\u00bb4.27.4&Prime; _module_preset=\u00a0\u00bbdefault\u00a0\u00bb min_height=\u00a0\u00bb14px\u00a0\u00bb custom_margin=\u00a0\u00bb-4px||17px|||\u00a0\u00bb custom_padding=\u00a0\u00bb||11px|||\u00a0\u00bb global_colors_info=\u00a0\u00bb{}\u00a0\u00bb]<\/p>\n<h3><span style=\"color: #3366ff;\">Article 12 : modification des statuts\u00a0<\/span><\/h3>\n<p>[\/et_pb_text][et_pb_text _builder_version=\u00a0\u00bb4.27.4&Prime; _module_preset=\u00a0\u00bbdefault\u00a0\u00bb global_colors_info=\u00a0\u00bb{}\u00a0\u00bb]<\/p>\n<p style=\"text-align: justify;\">En cas de modification des statuts, l&rsquo;Assembl\u00e9e G\u00e9n\u00e9rale ne peut valablement d\u00e9lib\u00e9rer sur les modifications aux statuts que si les modifications sont explicitement indiqu\u00e9es dans <br \/>la convocation et si l&rsquo;assembl\u00e9e r\u00e9unit au moins les 2\/3 des membres effectifs, qu&rsquo;ils soient pr\u00e9sents ou repr\u00e9sent\u00e9s. <br \/>Toute modification ne peut \u00eatre adopt\u00e9e qu&rsquo;\u00e0 la majorit\u00e9 des 2\/3 des voix des membres effectifs pr\u00e9sents ou repr\u00e9sent\u00e9s, \u00e0 l\u2019exclusion des absents, des votes nuls et des abstentions. <br \/>Toutefois, la modification qui porte sur le ou les buts en vue desquels l&rsquo;association est constitu\u00e9e, ne peut \u00eatre adopt\u00e9e qu&rsquo;\u00e0 la majorit\u00e9 des 4\/5 des voix des membres effectifs pr\u00e9sents ou repr\u00e9sent\u00e9s.<\/p>\n<p style=\"text-align: justify;\">Si les 2\/3 des membres effectifs ne sont pas pr\u00e9sents ou repr\u00e9sent\u00e9s \u00e0 la premi\u00e8re r\u00e9union, il peut \u00eatre convoqu\u00e9 une seconde r\u00e9union qui pourra d\u00e9lib\u00e9rer valablement, quel <br \/>que soit le nombre des membres effectifs pr\u00e9sents ou repr\u00e9sent\u00e9s, et adopter les modifications aux majorit\u00e9s pr\u00e9vues aux deux alin\u00e9as pr\u00e9c\u00e9dents. La seconde r\u00e9union ne <br \/>peut \u00eatre tenue moins de quinze jours apr\u00e8s la premi\u00e8re r\u00e9union.\u00a0<\/p>\n<p>[\/et_pb_text][et_pb_text _builder_version=\u00a0\u00bb4.27.4&Prime; _module_preset=\u00a0\u00bbdefault\u00a0\u00bb min_height=\u00a0\u00bb14px\u00a0\u00bb custom_margin=\u00a0\u00bb-4px||17px|||\u00a0\u00bb custom_padding=\u00a0\u00bb||11px|||\u00a0\u00bb global_colors_info=\u00a0\u00bb{}\u00a0\u00bb]<\/p>\n<h3><span style=\"color: #3366ff;\">Article 13 : pr\u00e9sidence de l\u2019Assembl\u00e9e G\u00e9n\u00e9rale<\/span><\/h3>\n<p>[\/et_pb_text][et_pb_text _builder_version=\u00a0\u00bb4.27.4&Prime; _module_preset=\u00a0\u00bbdefault\u00a0\u00bb global_colors_info=\u00a0\u00bb{}\u00a0\u00bb]<\/p>\n<p style=\"text-align: justify;\">L\u2019Assembl\u00e9e G\u00e9n\u00e9rale est pr\u00e9sid\u00e9e par le pr\u00e9sident du organe d&rsquo;administration ou, en cas d&#8217;emp\u00eachement de celui-ci, par un administrateur d\u00e9sign\u00e9 \u00e0 cet effet par l&rsquo;organe d&rsquo;administration.<\/p>\n<p>[\/et_pb_text][et_pb_text _builder_version=\u00a0\u00bb4.27.4&Prime; _module_preset=\u00a0\u00bbdefault\u00a0\u00bb min_height=\u00a0\u00bb14px\u00a0\u00bb custom_margin=\u00a0\u00bb-4px||17px|||\u00a0\u00bb custom_padding=\u00a0\u00bb||11px|||\u00a0\u00bb global_colors_info=\u00a0\u00bb{}\u00a0\u00bb]<\/p>\n<h3><span style=\"color: #3366ff;\">Article 14 : fonctionnement de l\u2019Assembl\u00e9e G\u00e9n\u00e9rale<\/span><\/h3>\n<p>[\/et_pb_text][et_pb_text _builder_version=\u00a0\u00bb4.27.4&Prime; _module_preset=\u00a0\u00bbdefault\u00a0\u00bb global_colors_info=\u00a0\u00bb{}\u00a0\u00bb]<\/p>\n<p style=\"text-align: justify;\">Il doit \u00eatre tenu au moins une Assembl\u00e9e G\u00e9n\u00e9rale chaque ann\u00e9e dans le courant du 1er semestre qui suit la cl\u00f4ture des comptes. <br \/>L&rsquo;association peut \u00eatre r\u00e9unie en Assembl\u00e9e G\u00e9n\u00e9rale extraordinaire \u00e0 tout moment par d\u00e9cision de l\u2019organe d&rsquo;administration ou \u00e0 la demande d&rsquo;1\/5 des membres effectifs au moins. Dans ce dernier cas, l\u2019organe d&rsquo;administration convoque l&rsquo;Assembl\u00e9e G\u00e9n\u00e9rale dans les 21 jours de la demande de convocation. L&rsquo;Assembl\u00e9e G\u00e9n\u00e9rale se tient au plus tard le quaranti\u00e8me jour suivant cette demande. <br \/>Les membres effectifs sont convoqu\u00e9s aux Assembl\u00e9es G\u00e9n\u00e9rales par courrier ordinaire ou courrier \u00e9lectronique, sign\u00e9 par le Pr\u00e9sident ou un administrateur, adress\u00e9 15 jours au moins avant l&rsquo;Assembl\u00e9e. La convocation contient l&rsquo;ordre du jour, la date, l&rsquo;heure et le lieu de la r\u00e9union. Les documents dont il sera question \u00e0 l\u2019Assembl\u00e9e G\u00e9n\u00e9rale doivent \u00eatre joints. <br \/>Toute proposition, sign\u00e9e par 1\/20 des membres effectifs, doit \u00eatre port\u00e9e \u00e0 l&rsquo;ordre du jour, pourvu qu\u2019elle soit communiqu\u00e9e aux membres au minimum vingt jours \u00e0 l\u2019avance. <br \/>L\u2019assembl\u00e9e ne peut d\u00e9lib\u00e9rer valablement sur des points qui ne sont pas mentionn\u00e9s \u00e0 l\u2019ordre du jour, sauf si les 2\/3 des membres effectifs pr\u00e9sents estiment que l\u2019urgence emp\u00eache de les reporter. Elle ne peut jamais le faire en cas de modification des statuts, d\u2019exclusion d\u2019un membre, de dissolution volontaire de l\u2019association et de transformation de l\u2019association en AISBL en soci\u00e9t\u00e9 coop\u00e9rative agr\u00e9\u00e9e comme entreprise sociale ou en <br \/>soci\u00e9t\u00e9 coop\u00e9rative entreprise sociale agr\u00e9\u00e9e.<\/p>\n<p>[\/et_pb_text][et_pb_text _builder_version=\u00a0\u00bb4.27.4&Prime; _module_preset=\u00a0\u00bbdefault\u00a0\u00bb min_height=\u00a0\u00bb14px\u00a0\u00bb custom_margin=\u00a0\u00bb-4px||17px|||\u00a0\u00bb custom_padding=\u00a0\u00bb||11px|||\u00a0\u00bb global_colors_info=\u00a0\u00bb{}\u00a0\u00bb]<\/p>\n<h3><span style=\"color: #3366ff;\">Article 15 : quorums de pr\u00e9sence et de vote \u00e0 l\u2019Assembl\u00e9e G\u00e9n\u00e9rale\u00a0<\/span><\/h3>\n<p>[\/et_pb_text][et_pb_text _builder_version=\u00a0\u00bb4.27.4&Prime; _module_preset=\u00a0\u00bbdefault\u00a0\u00bb global_colors_info=\u00a0\u00bb{}\u00a0\u00bb]<\/p>\n<p style=\"text-align: justify;\">Chaque membre effectif a le droit d&rsquo;assister \u00e0 l&rsquo;assembl\u00e9e. Il peut se faire repr\u00e9senter par un autre membre effectif, via une procuration \u00e9crite, sans que celui-ci ne puisse \u00eatre porteur <br \/>de plus de deux procurations. <br \/>Sauf dans les cas pr\u00e9vus par la loi, l\u2019Assembl\u00e9e G\u00e9n\u00e9rale ne d\u00e9lib\u00e8re valablement que si la majorit\u00e9 absolue des membres effectifs sont pr\u00e9sents ou repr\u00e9sent\u00e9s. <br \/>Si ce quorum de pr\u00e9sence n\u2019est pas atteint lors de la premi\u00e8re r\u00e9union, il doit \u00eatre convoqu\u00e9 une seconde r\u00e9union qui pourra d\u00e9lib\u00e9rer valablement, quel que soit le nombre de membres <br \/>effectifs pr\u00e9sents ou repr\u00e9sent\u00e9s. La seconde r\u00e9union est convoqu\u00e9e dans le respect du d\u00e9lai indiqu\u00e9 dans les pr\u00e9sents statuts.<\/p>\n<p>[\/et_pb_text][et_pb_text _builder_version=\u00a0\u00bb4.27.4&Prime; _module_preset=\u00a0\u00bbdefault\u00a0\u00bb min_height=\u00a0\u00bb14px\u00a0\u00bb custom_margin=\u00a0\u00bb-4px||17px|||\u00a0\u00bb custom_padding=\u00a0\u00bb||11px|||\u00a0\u00bb global_colors_info=\u00a0\u00bb{}\u00a0\u00bb]<\/p>\n<h3><span style=\"color: #3366ff;\">Article 16 : \u00e9galit\u00e9 de vote entre les membres effectifs\u00a0<\/span><\/h3>\n<p>[\/et_pb_text][et_pb_text _builder_version=\u00a0\u00bb4.27.4&Prime; _module_preset=\u00a0\u00bbdefault\u00a0\u00bb global_colors_info=\u00a0\u00bb{}\u00a0\u00bb]<\/p>\n<p style=\"text-align: justify;\">Tous les membres effectifs ont un droit de vote \u00e9gal \u00e0 l&rsquo;Assembl\u00e9e G\u00e9n\u00e9rale.<\/p>\n<p>[\/et_pb_text][et_pb_text _builder_version=\u00a0\u00bb4.27.4&Prime; _module_preset=\u00a0\u00bbdefault\u00a0\u00bb min_height=\u00a0\u00bb14px\u00a0\u00bb custom_margin=\u00a0\u00bb-4px||17px|||\u00a0\u00bb custom_padding=\u00a0\u00bb||11px|||\u00a0\u00bb global_colors_info=\u00a0\u00bb{}\u00a0\u00bb]<\/p>\n<h3><span style=\"color: #3366ff;\">Article 17 : quorums de pr\u00e9sence et de vote\u00a0<\/span><\/h3>\n<p>[\/et_pb_text][et_pb_text _builder_version=\u00a0\u00bb4.27.4&Prime; _module_preset=\u00a0\u00bbdefault\u00a0\u00bb global_colors_info=\u00a0\u00bb{}\u00a0\u00bb]<\/p>\n<p style=\"text-align: justify;\">Les d\u00e9cisions sont prises \u00e0 la majorit\u00e9 absolue des voix des membres pr\u00e9sents ou repr\u00e9sent\u00e9s, sauf dans le cas o\u00f9 il est d\u00e9cid\u00e9 autrement dans la loi ou les statuts. <br \/>Les votes nuls, blancs ainsi que les abstentions ne sont pas pris en compte pour le calcul des majorit\u00e9s. <br \/>En cas de parit\u00e9 des voix, celle du Pr\u00e9sident ou de l&rsquo;administrateur qui le remplace est pr\u00e9pond\u00e9rante. <br \/>Le vote se fait \u00e0 main lev\u00e9e, sauf si une majorit\u00e9 simple des membres effectifs pr\u00e9sents demande que le scrutin soit secret. Lorsque le vote porte sur des d\u00e9cisions concernant des personnes, le scrutin est toujours secret.<\/p>\n<p>[\/et_pb_text][et_pb_text _builder_version=\u00a0\u00bb4.27.4&Prime; _module_preset=\u00a0\u00bbdefault\u00a0\u00bb min_height=\u00a0\u00bb14px\u00a0\u00bb custom_margin=\u00a0\u00bb-4px||17px|||\u00a0\u00bb custom_padding=\u00a0\u00bb||11px|||\u00a0\u00bb global_colors_info=\u00a0\u00bb{}\u00a0\u00bb]<\/p>\n<h3><span style=\"color: #3366ff;\">Article 18 : registre des proc\u00e8s-verbaux et publications<\/span><\/h3>\n<p>[\/et_pb_text][et_pb_text _builder_version=\u00a0\u00bb4.27.4&Prime; _module_preset=\u00a0\u00bbdefault\u00a0\u00bb global_colors_info=\u00a0\u00bb{}\u00a0\u00bb]<\/p>\n<p style=\"text-align: justify;\">Les d\u00e9cisions de l&rsquo;Assembl\u00e9e G\u00e9n\u00e9rale sont consign\u00e9es dans un registre des proc\u00e8s verbaux, sign\u00e9s par deux administrateurs. Ce registre est conserv\u00e9 au si\u00e8ge social o\u00f9 les membres effectifs peuvent en prendre connaissance sur simple demande \u00e9crite et motiv\u00e9e adress\u00e9e au \u00e0 l\u2019organe d\u2019administration, mais sans d\u00e9placement du registre.<br \/>Les d\u00e9cisions d&rsquo;ordre individuel sont \u00e9ventuellement port\u00e9es \u00e0 la connaissance des tiers, qui justifient d&rsquo;un int\u00e9r\u00eat, par simple lettre sign\u00e9e par le pr\u00e9sident.<br \/>Les d\u00e9cisions relatives aux modifications statutaires, \u00e0 la nomination et r\u00e9vocation des administrateurs, des d\u00e9l\u00e9gu\u00e9s \u00e0 la gestion journali\u00e8re et des commissaires ainsi qu\u2019\u00e0 la dissolution ou \u00e0 la transformation de l\u2019association sont d\u00e9pos\u00e9es sans d\u00e9lai au greffe du tribunal de l\u2019entreprise comp\u00e9tent pour \u00eatre publi\u00e9es au moniteur belge.<\/p>\n<p>[\/et_pb_text][\/et_pb_column][\/et_pb_row][et_pb_row _builder_version=\u00a0\u00bb4.27.4&Prime; _module_preset=\u00a0\u00bbdefault\u00a0\u00bb hover_enabled=\u00a0\u00bb0&Prime; global_colors_info=\u00a0\u00bb{}\u00a0\u00bb min_height=\u00a0\u00bb2941.9px\u00a0\u00bb sticky_enabled=\u00a0\u00bb0&Prime;][et_pb_column type=\u00a0\u00bb4_4&Prime; _builder_version=\u00a0\u00bb4.27.4&Prime; _module_preset=\u00a0\u00bbdefault\u00a0\u00bb global_colors_info=\u00a0\u00bb{}\u00a0\u00bb][et_pb_text _builder_version=\u00a0\u00bb4.27.4&Prime; _module_preset=\u00a0\u00bbdefault\u00a0\u00bb global_colors_info=\u00a0\u00bb{}\u00a0\u00bb custom_margin=\u00a0\u00bb-96px|||||\u00a0\u00bb custom_padding=\u00a0\u00bb0px|||||\u00a0\u00bb]<\/p>\n<h2><span style=\"color: #3366ff;\"><strong>TITRE IV- ORGANE D\u2019ADMINISTRATION<\/strong><\/span><\/h2>\n<p>[\/et_pb_text][et_pb_text _builder_version=\u00a0\u00bb4.27.4&Prime; _module_preset=\u00a0\u00bbdefault\u00a0\u00bb min_height=\u00a0\u00bb14px\u00a0\u00bb custom_margin=\u00a0\u00bb-4px||17px|||\u00a0\u00bb custom_padding=\u00a0\u00bb||11px|||\u00a0\u00bb global_colors_info=\u00a0\u00bb{}\u00a0\u00bb]<\/p>\n<h3><span style=\"color: #3366ff;\">Article 19 : composition et dur\u00e9e des mandats d\u2019administrateurs<\/span><\/h3>\n<p>[\/et_pb_text][et_pb_text _builder_version=\u00a0\u00bb4.27.4&Prime; _module_preset=\u00a0\u00bbdefault\u00a0\u00bb min_height=\u00a0\u00bb14px\u00a0\u00bb custom_margin=\u00a0\u00bb-4px||17px|||\u00a0\u00bb custom_padding=\u00a0\u00bb||11px|||\u00a0\u00bb global_colors_info=\u00a0\u00bb{}\u00a0\u00bb]<\/p>\n<p style=\"text-align: justify;\">L\u2019association est administr\u00e9e par un organe d\u2019administration compos\u00e9 de quatre personnes au moins et de sept au plus nomm\u00e9s par l\u2019Assembl\u00e9e G\u00e9n\u00e9rale \u00e0 la majorit\u00e9 absolue des voix parmi les membres effectifs de l\u2019association. <br \/>La dur\u00e9e du mandat est de trois ans. En cas de renouvellement du mandat, les administrateurs sortants sont r\u00e9\u00e9ligibles. <br \/>Lorsque des mandats d\u2019administrateur sont \u00e0 pourvoir, le Pr\u00e9sident fait appel aux candidatures aupr\u00e8s des membres effectifs dans la convocation \u00e0 l\u2019Assembl\u00e9e G\u00e9n\u00e9rale statutaire. Les candidatures doivent parvenir par \u00e9crit avec une lettre de motivation \u00e0 l\u2019attention du Pr\u00e9sident, dans les d\u00e9lais fix\u00e9s dans la convocation.<\/p>\n<p>[\/et_pb_text][et_pb_text _builder_version=\u00a0\u00bb4.27.4&Prime; _module_preset=\u00a0\u00bbdefault\u00a0\u00bb min_height=\u00a0\u00bb14px\u00a0\u00bb custom_margin=\u00a0\u00bb-4px||17px|||\u00a0\u00bb custom_padding=\u00a0\u00bb||11px|||\u00a0\u00bb global_colors_info=\u00a0\u00bb{}\u00a0\u00bb]<\/p>\n<h3><span style=\"color: #3366ff;\">Article 20 : fin des mandats d\u2019administrateurs\u00a0<\/span><\/h3>\n<p>[\/et_pb_text][et_pb_text _builder_version=\u00a0\u00bb4.27.4&Prime; _module_preset=\u00a0\u00bbdefault\u00a0\u00bb min_height=\u00a0\u00bb14px\u00a0\u00bb custom_margin=\u00a0\u00bb-4px||17px|||\u00a0\u00bb custom_padding=\u00a0\u00bb||11px|||\u00a0\u00bb global_colors_info=\u00a0\u00bb{}\u00a0\u00bb]<\/p>\n<p style=\"text-align: justify;\">Tant que l\u2019Assembl\u00e9e G\u00e9n\u00e9rale n\u2019a pas pourvu au remplacement de l\u2019organe d\u2019administration \u00e0 la fin du mandat des administrateurs, ceux-ci restent en fonction en attendant une d\u00e9cision de l\u2019Assembl\u00e9e G\u00e9n\u00e9rale.<br \/>Si le d\u00e9c\u00e8s d\u2019un administrateur a pour effet de porter le nombre d\u2019administrateurs \u00e0 un nombre inf\u00e9rieur au minimum l\u00e9gal ou statutaire, une Assembl\u00e9e G\u00e9n\u00e9rale extraordinaire est convoqu\u00e9e pour pourvoir au remplacement dudit administrateur.<br \/>Tout administrateur est r\u00e9vocable en tout temps par d\u00e9cision de l\u2019Assembl\u00e9e G\u00e9n\u00e9rale, sans qu\u2019elle ne doive justifier sa d\u00e9cision. Si n\u00e9cessaire, l\u2019Assembl\u00e9e G\u00e9n\u00e9rale pourvoit au remplacement de l\u2019administrateur r\u00e9voqu\u00e9. Un administrateur absent \u00e0 plus de quatre r\u00e9unions de l\u2019organe sans s\u2019\u00eatre excus\u00e9 ou avoir donn\u00e9 procuration est pr\u00e9sum\u00e9 d\u00e9missionnaire. Il reste toutefois responsable en tant qu\u2019administrateur, tant que sa d\u00e9mission n\u2019a pas \u00e9t\u00e9 act\u00e9e par l\u2019Assembl\u00e9e G\u00e9n\u00e9rale.<br \/>Tout administrateur qui veut d\u00e9missionner doit signifier sa d\u00e9mission par \u00e9crit \u00e0 l\u2019organe d\u2019administration. En cas de d\u00e9mission d\u2019un administrateur, l\u2019Assembl\u00e9e G\u00e9n\u00e9rale est convoqu\u00e9e pour pourvoir \u00e0 son remplacement. Si la d\u00e9mission a pour effet de porter le nombre d\u2019administrateurs \u00e0 un nombre inf\u00e9rieur au minimum l\u00e9gal ou statutaire, l\u2019administrateur reste en fonction jusqu\u2019\u00e0 son remplacement.<\/p>\n<p>[\/et_pb_text][et_pb_text _builder_version=\u00a0\u00bb4.27.4&Prime; _module_preset=\u00a0\u00bbdefault\u00a0\u00bb min_height=\u00a0\u00bb14px\u00a0\u00bb custom_margin=\u00a0\u00bb-4px||17px|||\u00a0\u00bb custom_padding=\u00a0\u00bb||11px|||\u00a0\u00bb global_colors_info=\u00a0\u00bb{}\u00a0\u00bb]<\/p>\n<h3><span style=\"color: #3366ff;\">Article 21 : fonctionnement de l\u2019organe d\u2019administration<\/span><\/h3>\n<p>[\/et_pb_text][et_pb_text _builder_version=\u00a0\u00bb4.27.4&Prime; _module_preset=\u00a0\u00bbdefault\u00a0\u00bb min_height=\u00a0\u00bb14px\u00a0\u00bb custom_margin=\u00a0\u00bb-4px||17px|||\u00a0\u00bb custom_padding=\u00a0\u00bb||11px|||\u00a0\u00bb global_colors_info=\u00a0\u00bb{}\u00a0\u00bb]<\/p>\n<p style=\"text-align: justify;\">L\u2019organe d\u2019administration est coll\u00e9gial. Il prend valablement les d\u00e9cisions quand celles-ci sont prises en r\u00e9union, dans le respect des quorums de pr\u00e9sence et de vote pr\u00e9vus dans les pr\u00e9sents statuts.<br \/>Il d\u00e9signe en son sein un Pr\u00e9sident, un Secr\u00e9taire, un Tr\u00e9sorier et \u00e9ventuellement un Vice-Pr\u00e9sident.<br \/>En cas d&#8217;emp\u00eachement temporaire du Pr\u00e9sident, du Secr\u00e9taire ou du Tr\u00e9sorier, le organes d&rsquo;administration peut d\u00e9signer un administrateur pour le ou les remplacer \u00e0 titre int\u00e9rimaire.<br \/>Les administrateurs exercent leur mandat \u00e0 titre gratuit<\/p>\n<p>[\/et_pb_text][et_pb_text _builder_version=\u00a0\u00bb4.27.4&Prime; _module_preset=\u00a0\u00bbdefault\u00a0\u00bb min_height=\u00a0\u00bb14px\u00a0\u00bb custom_margin=\u00a0\u00bb-4px||17px|||\u00a0\u00bb custom_padding=\u00a0\u00bb||11px|||\u00a0\u00bb global_colors_info=\u00a0\u00bb{}\u00a0\u00bb]<\/p>\n<h3><span style=\"color: #3366ff;\">Article 22 : convocation et r\u00e9union de l\u2019organe d\u2019administration<\/span><\/h3>\n<p>[\/et_pb_text][et_pb_text _builder_version=\u00a0\u00bb4.27.4&Prime; _module_preset=\u00a0\u00bbdefault\u00a0\u00bb min_height=\u00a0\u00bb14px\u00a0\u00bb custom_margin=\u00a0\u00bb-4px||17px|||\u00a0\u00bb custom_padding=\u00a0\u00bb||11px|||\u00a0\u00bb global_colors_info=\u00a0\u00bb{}\u00a0\u00bb]<\/p>\n<p style=\"text-align: justify;\">L\u2019organe d&rsquo;administration se r\u00e9unit 3 fois par an minimum, sur convocation du Pr\u00e9sident ou de la personne d\u00e9sign\u00e9e \u00e0 la gestion journali\u00e8re, chaque fois que les n\u00e9cessit\u00e9s de l&rsquo;association l&rsquo;exigent ou \u00e0 la demande d&rsquo;un administrateur. <br \/>Les convocations sont faites par lettre missive ordinaire ou par courriel adress\u00e9es \u00e0 chaque administrateur huit jours au moins avant la r\u00e9union. La convocation contient la date, l\u2019heure, le lieu et l\u2019ordre du jour de la r\u00e9union. Elle est accompagn\u00e9e du rapport de la r\u00e9union pr\u00e9c\u00e9dente. <br \/>L\u2019association privil\u00e9gie la tenue des CA en pr\u00e9sentiel, cependant, le Pr\u00e9sident peut d\u00e9cider de tenir un organe d&rsquo;administration par voie \u00e9lectronique ou visio-conf\u00e9rence en cas d\u2019urgence.<\/p>\n<p>[\/et_pb_text][et_pb_text _builder_version=\u00a0\u00bb4.27.4&Prime; _module_preset=\u00a0\u00bbdefault\u00a0\u00bb min_height=\u00a0\u00bb14px\u00a0\u00bb custom_margin=\u00a0\u00bb-4px||17px|||\u00a0\u00bb custom_padding=\u00a0\u00bb||11px|||\u00a0\u00bb global_colors_info=\u00a0\u00bb{}\u00a0\u00bb]<\/p>\n<h3><span style=\"color: #3366ff;\">Article 23 : procuration\u00a0<\/span><\/h3>\n<p>[\/et_pb_text][et_pb_text _builder_version=\u00a0\u00bb4.27.4&Prime; _module_preset=\u00a0\u00bbdefault\u00a0\u00bb min_height=\u00a0\u00bb14px\u00a0\u00bb custom_margin=\u00a0\u00bb-4px||17px|||\u00a0\u00bb custom_padding=\u00a0\u00bb||11px|||\u00a0\u00bb global_colors_info=\u00a0\u00bb{}\u00a0\u00bb]<\/p>\n<p style=\"text-align: justify;\">Tout administrateur peut se faire repr\u00e9senter par un autre administrateur \u00e0 qui il donne une procuration \u00e9crite. Tout administrateur ne peut d\u00e9tenir qu\u2019une procuration. <br \/>En cas d&#8217;emp\u00eachement du pr\u00e9sident, le organe d&rsquo;administration est pr\u00e9sid\u00e9 par le Vice Pr\u00e9sident.<\/p>\n<p>[\/et_pb_text][et_pb_text _builder_version=\u00a0\u00bb4.27.4&Prime; _module_preset=\u00a0\u00bbdefault\u00a0\u00bb min_height=\u00a0\u00bb14px\u00a0\u00bb custom_margin=\u00a0\u00bb-4px||17px|||\u00a0\u00bb custom_padding=\u00a0\u00bb||11px|||\u00a0\u00bb global_colors_info=\u00a0\u00bb{}\u00a0\u00bb]<\/p>\n<h3><span style=\"color: #3366ff;\">Article 24 : quorums de pr\u00e9sence et de votes<\/span><\/h3>\n<p>[\/et_pb_text][et_pb_text _builder_version=\u00a0\u00bb4.27.4&Prime; _module_preset=\u00a0\u00bbdefault\u00a0\u00bb min_height=\u00a0\u00bb14px\u00a0\u00bb custom_margin=\u00a0\u00bb-4px||17px|||\u00a0\u00bb custom_padding=\u00a0\u00bb||11px|||\u00a0\u00bb global_colors_info=\u00a0\u00bb{}\u00a0\u00bb]<\/p>\n<p style=\"text-align: justify;\">L\u2019organe d&rsquo;administration d\u00e9lib\u00e8re valablement d\u00e8s que la majorit\u00e9 absolue des administrateurs sont pr\u00e9sents ou repr\u00e9sent\u00e9s. Tous les administrateurs ont un droit de vote \u00e9gal au organe d\u2019administration. <br \/>Les d\u00e9cisions de l\u2019organe d&rsquo;administration sont prises \u00e0 la majorit\u00e9 absolue des voix des administrateurs pr\u00e9sents ou repr\u00e9sent\u00e9s. Les votes nuls, blancs ainsi que les abstentions ne sont pas pris en compte pour le calcul des majorit\u00e9s. En cas de partage des voix, la voix du Pr\u00e9sident ou de son rempla\u00e7ant est d\u00e9terminante.<\/p>\n<p>[\/et_pb_text][et_pb_text _builder_version=\u00a0\u00bb4.27.4&Prime; _module_preset=\u00a0\u00bbdefault\u00a0\u00bb min_height=\u00a0\u00bb14px\u00a0\u00bb custom_margin=\u00a0\u00bb-4px||17px|||\u00a0\u00bb custom_padding=\u00a0\u00bb||11px|||\u00a0\u00bb global_colors_info=\u00a0\u00bb{}\u00a0\u00bb]<\/p>\n<h3><span style=\"color: #3366ff;\">Article 25 : registre des proc\u00e8s-verbaux<\/span><\/h3>\n<p>[\/et_pb_text][et_pb_text _builder_version=\u00a0\u00bb4.27.4&Prime; _module_preset=\u00a0\u00bbdefault\u00a0\u00bb min_height=\u00a0\u00bb14px\u00a0\u00bb custom_margin=\u00a0\u00bb-4px||17px|||\u00a0\u00bb custom_padding=\u00a0\u00bb||11px|||\u00a0\u00bb global_colors_info=\u00a0\u00bb{}\u00a0\u00bb]<\/p>\n<p style=\"text-align: justify;\">Les d\u00e9cisions sont consign\u00e9es dans des proc\u00e8s-verbaux sign\u00e9s par deux administrateurs et conserv\u00e9es dans un registre sp\u00e9cial. <br \/>Ce registre est conserv\u00e9 au si\u00e8ge social o\u00f9 les membres effectifs peuvent en prendre connaissance sur simple demande \u00e9crite et motiv\u00e9e adress\u00e9e \u00e0 l\u2019organe d\u2019administration, mais sans d\u00e9placement du registre. <br \/>Les extraits \u00e0 fournir, en justice ou ailleurs, sont sign\u00e9s du Pr\u00e9sident ou de deux administrateurs.<\/p>\n<p>[\/et_pb_text][et_pb_text _builder_version=\u00a0\u00bb4.27.4&Prime; _module_preset=\u00a0\u00bbdefault\u00a0\u00bb min_height=\u00a0\u00bb14px\u00a0\u00bb custom_margin=\u00a0\u00bb-4px||17px|||\u00a0\u00bb custom_padding=\u00a0\u00bb||11px|||\u00a0\u00bb global_colors_info=\u00a0\u00bb{}\u00a0\u00bb]<\/p>\n<h3><span style=\"color: #3366ff;\">Article 26 : conflits d\u2019int\u00e9r\u00eat des administrateurs<\/span><\/h3>\n<p>[\/et_pb_text][et_pb_text _builder_version=\u00a0\u00bb4.27.4&Prime; _module_preset=\u00a0\u00bbdefault\u00a0\u00bb min_height=\u00a0\u00bb14px\u00a0\u00bb custom_margin=\u00a0\u00bb-4px||17px|||\u00a0\u00bb custom_padding=\u00a0\u00bb||11px|||\u00a0\u00bb global_colors_info=\u00a0\u00bb{}\u00a0\u00bb]<\/p>\n<p style=\"text-align: justify;\">Un administrateur qui, dans le cadre d\u2019une d\u00e9cision \u00e0 prendre, a un int\u00e9r\u00eat direct ou indirect de nature patrimoniale qui est oppos\u00e9 \u00e0 celui de l\u2019association, doit en informer les autres administrateurs avant que l&rsquo;organe d&rsquo;administration ne prenne une d\u00e9cision. Sa d\u00e9claration et ses explications sur la nature de cet int\u00e9r\u00eat oppos\u00e9 doivent figurer dans le proc\u00e8s-verbal de la r\u00e9union de l&rsquo;organe d&rsquo;administration qui doit prendre cette d\u00e9cision. Il n&rsquo;est pas permis \u00e0 l&rsquo;organe d&rsquo;administration de d\u00e9l\u00e9guer cette d\u00e9cision.<br \/>L&rsquo;administrateur ayant un conflit d&rsquo;int\u00e9r\u00eats vis\u00e9 \u00e0 l&rsquo;alin\u00e9a pr\u00e9c\u00e9dent ne peut prendre part aux d\u00e9lib\u00e9rations de l&rsquo;organe d&rsquo;administration concernant ces d\u00e9cisions ou ces op\u00e9rations, ni prendre part au vote sur ce point. Si la majorit\u00e9 des administrateurs pr\u00e9sents ou repr\u00e9sent\u00e9s \u00e0 un conflit d&rsquo;int\u00e9r\u00eats, la d\u00e9cision ou l&rsquo;op\u00e9ration est soumise \u00e0 l&rsquo;Assembl\u00e9e G\u00e9n\u00e9rale. En cas d&rsquo;approbation de la d\u00e9cision ou de l&rsquo;op\u00e9ration par celle-ci, l&rsquo;organe d&rsquo;administration peut les ex\u00e9cuter.<br \/>Le pr\u00e9sent article n&rsquo;est pas applicable lorsque les d\u00e9cisions de l&rsquo;organe d&rsquo;administration concernent des op\u00e9rations habituelles conclues dans des conditions et sous les garanties normales du march\u00e9 pour des op\u00e9rations de m\u00eame nature.<br \/>Un administrateur qui, dans le cadre d\u2019une d\u00e9cision \u00e0 prendre, a un int\u00e9r\u00eat de nature morale qui est oppos\u00e9 \u00e0 celui de l\u2019association, doit en informer les autres administrateurs avant que l&rsquo;organe d&rsquo;administration ne prenne une d\u00e9cision. S\u2019il n\u00e9glige de le faire, tout autre administrateur qui serait au courant de ce conflit doit le communiquer \u00e0 l\u2019organe d\u2019administration avant que le d\u00e9bat n\u2019ait lieu. L\u2019organe d\u2019administration d\u00e9cide, par un vote auquel l\u2019administrateur concern\u00e9 ne peut prendre part, si celui-ci peut ou non participer au d\u00e9bat et au vote. La d\u00e9cision de l\u2019organe doit \u00eatre mentionn\u00e9e dans le proc\u00e8s-verbal de la r\u00e9union. Il n&rsquo;est pas permis \u00e0 l&rsquo;organe d&rsquo;administration de d\u00e9l\u00e9guer cette d\u00e9cision.<\/p>\n<p>[\/et_pb_text][et_pb_text _builder_version=\u00a0\u00bb4.27.4&Prime; _module_preset=\u00a0\u00bbdefault\u00a0\u00bb min_height=\u00a0\u00bb14px\u00a0\u00bb custom_margin=\u00a0\u00bb-4px||17px|||\u00a0\u00bb custom_padding=\u00a0\u00bb||11px|||\u00a0\u00bb global_colors_info=\u00a0\u00bb{}\u00a0\u00bb]<\/p>\n<h3><span style=\"color: #3366ff;\">Article 27 : les pouvoirs de l\u2019organe d\u2019administration<\/span><\/h3>\n<p>[\/et_pb_text][et_pb_text _builder_version=\u00a0\u00bb4.27.4&Prime; _module_preset=\u00a0\u00bbdefault\u00a0\u00bb min_height=\u00a0\u00bb14px\u00a0\u00bb custom_margin=\u00a0\u00bb-4px||17px|||\u00a0\u00bb custom_padding=\u00a0\u00bb||11px|||\u00a0\u00bb global_colors_info=\u00a0\u00bb{}\u00a0\u00bb]<\/p>\n<p style=\"text-align: justify;\">L\u2019organe d&rsquo;administration a le pouvoir d&rsquo;accomplir tous les actes n\u00e9cessaires ou utiles \u00e0 la r\u00e9alisation de l&rsquo;objet de l&rsquo;association tel que d\u00e9fini ci-dessus. Sont exclus de sa comp\u00e9tence les actes r\u00e9serv\u00e9s par la loi ou par les pr\u00e9sents statuts \u00e0 celle de l&rsquo;Assembl\u00e9e G\u00e9n\u00e9rale.<\/p>\n<p>[\/et_pb_text][et_pb_text _builder_version=\u00a0\u00bb4.27.4&Prime; _module_preset=\u00a0\u00bbdefault\u00a0\u00bb min_height=\u00a0\u00bb14px\u00a0\u00bb custom_margin=\u00a0\u00bb-4px||17px|||\u00a0\u00bb custom_padding=\u00a0\u00bb||11px|||\u00a0\u00bb global_colors_info=\u00a0\u00bb{}\u00a0\u00bb]<\/p>\n<h3><span style=\"color: #3366ff;\">Article 28 : gestion journali\u00e8re<\/span><\/h3>\n<p>[\/et_pb_text][et_pb_text _builder_version=\u00a0\u00bb4.27.4&Prime; _module_preset=\u00a0\u00bbdefault\u00a0\u00bb min_height=\u00a0\u00bb14px\u00a0\u00bb custom_margin=\u00a0\u00bb-4px||17px|||\u00a0\u00bb custom_padding=\u00a0\u00bb||11px|||\u00a0\u00bb global_colors_info=\u00a0\u00bb{}\u00a0\u00bb]<\/p>\n<p style=\"text-align: justify;\">La gestion journali\u00e8re de l&rsquo;association, avec usage de la signature y aff\u00e9rente, peut \u00eatre d\u00e9l\u00e9gu\u00e9e \u00e0 l\u2019un de ses administrateurs ou membres, ou \u00e0 1\/3 ou \u00e0 la Direction. L\u2019\u00e9tendue de la d\u00e9l\u00e9gation de ses pouvoirs sera pr\u00e9cis\u00e9e dans la d\u00e9cision de d\u00e9l\u00e9gation prise par l\u2019organe d\u2019administration. <br \/>S&rsquo;ils sont plusieurs, ils agissent individuellement. <br \/>La gestion journali\u00e8re comprend aussi bien les actes et les d\u00e9cisions qui n&rsquo;exc\u00e8dent pas les besoins de la vie quotidienne de l&rsquo;association que les actes et les d\u00e9cisions qui, soit en raison de l&rsquo;int\u00e9r\u00eat mineur qu&rsquo;ils repr\u00e9sentent, soit en raison de leur caract\u00e8re urgent, ne justifient pas l&rsquo;intervention de l&rsquo;organe d&rsquo;administration.<\/p>\n<p>[\/et_pb_text][et_pb_text _builder_version=\u00a0\u00bb4.27.4&Prime; _module_preset=\u00a0\u00bbdefault\u00a0\u00bb min_height=\u00a0\u00bb14px\u00a0\u00bb custom_margin=\u00a0\u00bb-4px||17px|||\u00a0\u00bb custom_padding=\u00a0\u00bb||11px|||\u00a0\u00bb global_colors_info=\u00a0\u00bb{}\u00a0\u00bb]<\/p>\n<h3><span style=\"color: #3366ff;\">Article 29 : engagement de l\u2019association<\/span><\/h3>\n<p>[\/et_pb_text][et_pb_text _builder_version=\u00a0\u00bb4.27.4&Prime; _module_preset=\u00a0\u00bbdefault\u00a0\u00bb min_height=\u00a0\u00bb14px\u00a0\u00bb custom_margin=\u00a0\u00bb-4px||17px|||\u00a0\u00bb custom_padding=\u00a0\u00bb||11px|||\u00a0\u00bb global_colors_info=\u00a0\u00bb{}\u00a0\u00bb]<\/p>\n<p style=\"text-align: justify;\">Les actions judiciaires, tant en demandant qu&rsquo;en d\u00e9fendant, sont intent\u00e9es ou soutenues au nom de l&rsquo;association par deux administrateurs. Ils agissent conjointement. <br \/>Les actes qui engagent l&rsquo;association, autres que de gestion journali\u00e8re, sont sign\u00e9s conjointement, \u00e0 moins d&rsquo;une d\u00e9l\u00e9gation sp\u00e9ciale de l\u2019organe, par deux administrateurs, lesquels n&rsquo;auront pas \u00e0 justifier de leurs pouvoirs \u00e0 l&rsquo;\u00e9gard des tiers.<\/p>\n<p>[\/et_pb_text][et_pb_text _builder_version=\u00a0\u00bb4.27.4&Prime; _module_preset=\u00a0\u00bbdefault\u00a0\u00bb min_height=\u00a0\u00bb14px\u00a0\u00bb custom_margin=\u00a0\u00bb-4px||17px|||\u00a0\u00bb custom_padding=\u00a0\u00bb||11px|||\u00a0\u00bb global_colors_info=\u00a0\u00bb{}\u00a0\u00bb]<\/p>\n<h3><span style=\"color: #3366ff;\">Article 30 : publications<\/span><\/h3>\n<p>[\/et_pb_text][et_pb_text _builder_version=\u00a0\u00bb4.27.4&Prime; _module_preset=\u00a0\u00bbdefault\u00a0\u00bb min_height=\u00a0\u00bb14px\u00a0\u00bb custom_margin=\u00a0\u00bb-4px||17px|||\u00a0\u00bb custom_padding=\u00a0\u00bb||11px|||\u00a0\u00bb global_colors_info=\u00a0\u00bb{}\u00a0\u00bb]<\/p>\n<p style=\"text-align: justify;\">Les actes relatifs \u00e0 la nomination ou \u00e0 la cessation des fonctions des administrateurs et des personnes d\u00e9l\u00e9gu\u00e9es \u00e0 la gestion journali\u00e8re comportent leurs nom, pr\u00e9noms, domicile, date et lieu de naissance ou, au cas o\u00f9 il s&rsquo;agit de personnes morales, leur d\u00e9nomination sociale, leur forme juridique, leur num\u00e9ro d&rsquo;entreprise et leur si\u00e8ge social ainsi que les nom, pr\u00e9noms et domicile de leur repr\u00e9sentant permanent. <br \/>Tous les actes sont d\u00e9pos\u00e9s dans les plus brefs d\u00e9lais au greffe du tribunal de l\u2019entreprise comp\u00e9tent, en vue d\u2019\u00eatre publi\u00e9s au Moniteur belge.<\/p>\n<p>[\/et_pb_text][et_pb_text _builder_version=\u00a0\u00bb4.27.4&Prime; _module_preset=\u00a0\u00bbdefault\u00a0\u00bb min_height=\u00a0\u00bb14px\u00a0\u00bb custom_margin=\u00a0\u00bb-4px||17px|||\u00a0\u00bb custom_padding=\u00a0\u00bb||11px|||\u00a0\u00bb global_colors_info=\u00a0\u00bb{}\u00a0\u00bb]<\/p>\n<h3><span style=\"color: #3366ff;\">Article 31 : responsabilit\u00e9 des administrateurs<\/span><\/h3>\n<p>[\/et_pb_text][et_pb_text _builder_version=\u00a0\u00bb4.27.4&Prime; _module_preset=\u00a0\u00bbdefault\u00a0\u00bb min_height=\u00a0\u00bb14px\u00a0\u00bb custom_margin=\u00a0\u00bb-4px||17px|||\u00a0\u00bb custom_padding=\u00a0\u00bb||11px|||\u00a0\u00bb global_colors_info=\u00a0\u00bb{}\u00a0\u00bb]<\/p>\n<p style=\"text-align: justify;\">Les administrateurs ne contractent aucune obligation personnelle relativement aux engagements de l&rsquo;association. Leur responsabilit\u00e9 se limite \u00e0 l&rsquo;ex\u00e9cution de leur mandat.<\/p>\n<p>[\/et_pb_text][et_pb_text _builder_version=\u00a0\u00bb4.27.4&Prime; _module_preset=\u00a0\u00bbdefault\u00a0\u00bb min_height=\u00a0\u00bb14px\u00a0\u00bb custom_margin=\u00a0\u00bb-4px||17px|||\u00a0\u00bb custom_padding=\u00a0\u00bb||11px|||\u00a0\u00bb global_colors_info=\u00a0\u00bb{}\u00a0\u00bb]<\/p>\n<h3><span style=\"color: #3366ff;\">Article 32 : r\u00e8glement d\u2019ordre int\u00e9rieur<\/span><\/h3>\n<p>[\/et_pb_text][et_pb_text _builder_version=\u00a0\u00bb4.27.4&Prime; _module_preset=\u00a0\u00bbdefault\u00a0\u00bb min_height=\u00a0\u00bb14px\u00a0\u00bb custom_margin=\u00a0\u00bb-4px||17px|||\u00a0\u00bb custom_padding=\u00a0\u00bb||11px|||\u00a0\u00bb global_colors_info=\u00a0\u00bb{}\u00a0\u00bb]<\/p>\n<p style=\"text-align: justify;\">Un r\u00e8glement d\u2019ordre int\u00e9rieur peut \u00eatre \u00e9tabli par l\u2019organe d\u2019administration qui le pr\u00e9sente \u00e0 l\u2019Assembl\u00e9e G\u00e9n\u00e9rale pour approbation et pour toutes modifications \u00e9ventuelles.<\/p>\n<p>[\/et_pb_text][\/et_pb_column][\/et_pb_row][et_pb_row _builder_version=\u00a0\u00bb4.27.4&Prime; _module_preset=\u00a0\u00bbdefault\u00a0\u00bb global_colors_info=\u00a0\u00bb{}\u00a0\u00bb custom_padding=\u00a0\u00bb0px|||||\u00a0\u00bb][et_pb_column type=\u00a0\u00bb4_4&Prime; _builder_version=\u00a0\u00bb4.27.4&Prime; _module_preset=\u00a0\u00bbdefault\u00a0\u00bb global_colors_info=\u00a0\u00bb{}\u00a0\u00bb][et_pb_text _builder_version=\u00a0\u00bb4.27.4&Prime; _module_preset=\u00a0\u00bbdefault\u00a0\u00bb global_colors_info=\u00a0\u00bb{}\u00a0\u00bb custom_padding=\u00a0\u00bb0px|||||\u00a0\u00bb custom_margin=\u00a0\u00bb-128px|||||\u00a0\u00bb]<\/p>\n<h2><strong><span style=\"color: #3366ff;\">TITRE V \u2013 COMPTES ET BUDGETS<\/span><\/strong><\/h2>\n<p>[\/et_pb_text][et_pb_text _builder_version=\u00a0\u00bb4.27.4&Prime; _module_preset=\u00a0\u00bbdefault\u00a0\u00bb min_height=\u00a0\u00bb14px\u00a0\u00bb custom_margin=\u00a0\u00bb-4px||17px|||\u00a0\u00bb custom_padding=\u00a0\u00bb||11px|||\u00a0\u00bb global_colors_info=\u00a0\u00bb{}\u00a0\u00bb]<\/p>\n<h3><span style=\"color: #3366ff;\">Article 33 : exercice social et tenue des comptes<\/span><\/h3>\n<p>[\/et_pb_text][et_pb_text _builder_version=\u00a0\u00bb4.27.4&Prime; _module_preset=\u00a0\u00bbdefault\u00a0\u00bb global_colors_info=\u00a0\u00bb{}\u00a0\u00bb]<\/p>\n<p style=\"text-align: justify;\">L&rsquo;exercice social de l&rsquo;association commence le 1er janvier et se termine le 31 d\u00e9cembre suivant.<br \/>L\u2019organe d\u2019administration \u00e9tablit les comptes de l\u2019ann\u00e9e \u00e9coul\u00e9e selon les dispositions pr\u00e9vues au Livre 3 du Code des soci\u00e9t\u00e9s et des associations tel qu\u2019adopt\u00e9 par la loi du 23 mars 2019 et au Livre III, Titre 3, Chapitre 2 du Code de droit \u00e9conomique tel que modifi\u00e9 par la loi du 15 avril 2018, ainsi que le budget de l\u2019ann\u00e9e suivante. <br \/>Les comptes et le budget sont soumis \u00e0 l\u2019approbation de l\u2019Assembl\u00e9e G\u00e9n\u00e9rale annuelle, au plus tard le 30 juin de l&rsquo;ann\u00e9e qui suit l&rsquo;exercice \u00e9coul\u00e9 et en tout cas avant de le soumettre au pouvoir subsidiant.<\/p>\n<p>[\/et_pb_text][\/et_pb_column][\/et_pb_row][et_pb_row _builder_version=\u00a0\u00bb4.27.4&Prime; _module_preset=\u00a0\u00bbdefault\u00a0\u00bb global_colors_info=\u00a0\u00bb{}\u00a0\u00bb custom_margin=\u00a0\u00bb-25px|auto||auto||\u00a0\u00bb][et_pb_column type=\u00a0\u00bb4_4&Prime; _builder_version=\u00a0\u00bb4.27.4&Prime; _module_preset=\u00a0\u00bbdefault\u00a0\u00bb global_colors_info=\u00a0\u00bb{}\u00a0\u00bb][et_pb_text _builder_version=\u00a0\u00bb4.27.4&Prime; _module_preset=\u00a0\u00bbdefault\u00a0\u00bb global_colors_info=\u00a0\u00bb{}\u00a0\u00bb]<\/p>\n<h2><strong><span style=\"color: #3366ff;\">TITRE VI \u2013 DISSOLUTION, LIQUIDATION, apport \u00e0 titre gratuit d\u2019universalit\u00e9, transformation<\/span><\/strong><\/h2>\n<p>[\/et_pb_text][et_pb_text _builder_version=\u00a0\u00bb4.27.4&Prime; _module_preset=\u00a0\u00bbdefault\u00a0\u00bb min_height=\u00a0\u00bb14px\u00a0\u00bb custom_margin=\u00a0\u00bb-30px||17px|||\u00a0\u00bb custom_padding=\u00a0\u00bb||11px|||\u00a0\u00bb global_colors_info=\u00a0\u00bb{}\u00a0\u00bb]<\/p>\n<h3><span style=\"color: #3366ff;\">Article 34 : dissolution<\/span><\/h3>\n<p>[\/et_pb_text][et_pb_text _builder_version=\u00a0\u00bb4.27.4&Prime; _module_preset=\u00a0\u00bbdefault\u00a0\u00bb global_colors_info=\u00a0\u00bb{}\u00a0\u00bb]<\/p>\n<p style=\"text-align: justify;\">Sauf dissolution judiciaire, seule l\u2019Assembl\u00e9e G\u00e9n\u00e9rale peut prononcer la dissolution de l\u2019association conform\u00e9ment au Livre 2, Titre 8, Chapitre 2 du Code des soci\u00e9t\u00e9s et des associations tel qu\u2019adopt\u00e9 par la loi du 23 mars 2019. La d\u00e9cision de dissolution n\u00e9cessite un quorum de pr\u00e9sence de 2\/3 des membres effectifs et un quorum de vote de 4\/5 des voix des membres effectifs pr\u00e9sents ou repr\u00e9sent\u00e9s. <br \/>Dans ce cas, l\u2019Assembl\u00e9e G\u00e9n\u00e9rale d\u00e9signe un ou plusieurs liquidateurs, d\u00e9termine leurs pouvoirs et leur r\u00e9mun\u00e9ration \u00e9ventuelle, et indique l&rsquo;affectation \u00e0 donner \u00e0 l&rsquo;actif net, celle-ci ne pouvant \u00eatre faite qu&rsquo;\u00e0 des fins d\u00e9sint\u00e9ress\u00e9es.<\/p>\n<p>[\/et_pb_text][et_pb_text _builder_version=\u00a0\u00bb4.27.4&Prime; _module_preset=\u00a0\u00bbdefault\u00a0\u00bb min_height=\u00a0\u00bb14px\u00a0\u00bb custom_margin=\u00a0\u00bb-4px||17px|||\u00a0\u00bb custom_padding=\u00a0\u00bb||11px|||\u00a0\u00bb global_colors_info=\u00a0\u00bb{}\u00a0\u00bb]<\/p>\n<h3><span style=\"color: #3366ff;\">Article 35 : transfert de l\u2019actif\u00a0<\/span><\/h3>\n<p>[\/et_pb_text][et_pb_text _builder_version=\u00a0\u00bb4.27.4&Prime; _module_preset=\u00a0\u00bbdefault\u00a0\u00bb global_colors_info=\u00a0\u00bb{}\u00a0\u00bb]<\/p>\n<p style=\"text-align: justify;\">Dans tous les cas de dissolution volontaire ou judiciaire, apr\u00e8s l\u2019apurement des dettes, l\u2019actif net sera affect\u00e9 \u00e0 une autre organisation qui poursuit un but similaire non lucratif.<\/p>\n<p>[\/et_pb_text][et_pb_text _builder_version=\u00a0\u00bb4.27.4&Prime; _module_preset=\u00a0\u00bbdefault\u00a0\u00bb min_height=\u00a0\u00bb14px\u00a0\u00bb custom_margin=\u00a0\u00bb-4px||17px|||\u00a0\u00bb custom_padding=\u00a0\u00bb||11px|||\u00a0\u00bb global_colors_info=\u00a0\u00bb{}\u00a0\u00bb]<\/p>\n<h3><span style=\"color: #3366ff;\">Article 36 : apport \u00e0 titre gratuit d\u2019universalit\u00e9, transformation\u00a0<\/span><\/h3>\n<p>[\/et_pb_text][et_pb_text _builder_version=\u00a0\u00bb4.27.4&Prime; _module_preset=\u00a0\u00bbdefault\u00a0\u00bb global_colors_info=\u00a0\u00bb{}\u00a0\u00bb]<\/p>\n<p style=\"text-align: justify;\">L\u2019Assembl\u00e9e G\u00e9n\u00e9rale ne peut se prononcer sur un apport \u00e0 titre gratuit d\u2019universalit\u00e9 ou sur la transformation de l\u2019association en AISBL, en soci\u00e9t\u00e9 coop\u00e9rative agr\u00e9\u00e9e comme<br \/>entreprise sociale et en soci\u00e9t\u00e9 coop\u00e9rative entreprise sociale agr\u00e9\u00e9e que conform\u00e9ment aux r\u00e8gles prescrites par le Code des soci\u00e9t\u00e9s et des associations.<br \/>Lorsque l\u2019Assembl\u00e9e G\u00e9n\u00e9rale statue sur la dissolution de l\u2019association, un apport \u00e0 titre gratuit d\u2019universalit\u00e9 ou la transformation de l\u2019association AISBL, en soci\u00e9t\u00e9 coop\u00e9rative agr\u00e9\u00e9e comme entreprise sociale et en soci\u00e9t\u00e9 coop\u00e9rative entreprise sociale agr\u00e9\u00e9e, les votes nuls, blancs ainsi que les abstentions ne sont pas pris en compte pour le calcul des majorit\u00e9s.<\/p>\n<p>[\/et_pb_text][\/et_pb_column][\/et_pb_row][et_pb_row _builder_version=\u00a0\u00bb4.27.4&Prime; _module_preset=\u00a0\u00bbdefault\u00a0\u00bb global_colors_info=\u00a0\u00bb{}\u00a0\u00bb][et_pb_column type=\u00a0\u00bb4_4&Prime; _builder_version=\u00a0\u00bb4.27.4&Prime; _module_preset=\u00a0\u00bbdefault\u00a0\u00bb global_colors_info=\u00a0\u00bb{}\u00a0\u00bb][et_pb_text _builder_version=\u00a0\u00bb4.27.4&Prime; _module_preset=\u00a0\u00bbdefault\u00a0\u00bb global_colors_info=\u00a0\u00bb{}\u00a0\u00bb custom_margin=\u00a0\u00bb-25px|||||\u00a0\u00bb]<\/p>\n<h2><strong><span style=\"color: #3366ff;\">TITRE VII\u2013 DISPOSITIONS FINALES\u00a0<\/span><\/strong><\/h2>\n<p>[\/et_pb_text][et_pb_text _builder_version=\u00a0\u00bb4.27.4&Prime; _module_preset=\u00a0\u00bbdefault\u00a0\u00bb min_height=\u00a0\u00bb14px\u00a0\u00bb custom_margin=\u00a0\u00bb-4px||17px|||\u00a0\u00bb custom_padding=\u00a0\u00bb||11px|||\u00a0\u00bb global_colors_info=\u00a0\u00bb{}\u00a0\u00bb]<\/p>\n<h3><span style=\"color: #3366ff;\">Article 37a : application du Code des soci\u00e9t\u00e9s et des associations<\/span><\/h3>\n<p>[\/et_pb_text][et_pb_text _builder_version=\u00a0\u00bb4.27.4&Prime; _module_preset=\u00a0\u00bbdefault\u00a0\u00bb global_colors_info=\u00a0\u00bb{}\u00a0\u00bb]<\/p>\n<p style=\"text-align: justify;\">Tout ce qui n\u2019est pas explicitement pr\u00e9vu dans les pr\u00e9sents statuts est r\u00e9gl\u00e9 par le Code des soci\u00e9t\u00e9s et des associations, et pour ce qui concerne la tenue de la comptabilit\u00e9, par le Livre III, Titre 3, Chapitre 2 du Code de droit \u00e9conomique.<\/p>\n<p>[\/et_pb_text][\/et_pb_column][\/et_pb_row][et_pb_row _builder_version=\u00a0\u00bb4.27.4&Prime; _module_preset=\u00a0\u00bbdefault\u00a0\u00bb global_colors_info=\u00a0\u00bb{}\u00a0\u00bb][et_pb_column type=\u00a0\u00bb4_4&Prime; _builder_version=\u00a0\u00bb4.27.4&Prime; _module_preset=\u00a0\u00bbdefault\u00a0\u00bb global_colors_info=\u00a0\u00bb{}\u00a0\u00bb][et_pb_text _builder_version=\u00a0\u00bb4.27.4&Prime; _module_preset=\u00a0\u00bbdefault\u00a0\u00bb global_colors_info=\u00a0\u00bb{}\u00a0\u00bb]<\/p>\n<p style=\"text-align: center;\"><span><a class=\"maxbutton-30 maxbutton maxbutton-nos-statuts-en-version-pdf\" target=\"_blank\" title=\"Nos statuts en version PDF\" rel=\"noopener\" href=\"https:\/\/www.infosourds.be\/wp-content\/uploads\/2023\/04\/Statuts_2023.pdf\"><span class='mb-text'>Nos statuts en version PDF<\/span><\/a><\/span><\/p>\n<p>[\/et_pb_text][\/et_pb_column][\/et_pb_row][\/et_pb_section]<\/p>\n","protected":false},"excerpt":{"rendered":"<p>Les statuts 2023 d&rsquo;Info-Sourds de BruxellesTITRE I &#8211; D\u00c9NOMINATION, SI\u00c8GE SOCIAL, BUT ET DUR\u00c9EArticle 1 : d\u00e9nomination et mentionL\u2019association est d\u00e9nomm\u00e9e \u00ab\u00a0Info-Sourds de Bruxelles\u00a0\u00bb en abr\u00e9g\u00e9 \u00ab\u00a0ISB\u00a0\u00bb.Tous les actes, factures, annonces, publications, lettres, sites internet et autres documents, sous forme \u00e9lectronique ou non, \u00e9manant de l\u2019association, doivent contenir : &#8211; La d\u00e9nomination de la personne [&hellip;]<\/p>\n","protected":false},"author":2,"featured_media":0,"parent":28640,"menu_order":3,"comment_status":"closed","ping_status":"closed","template":"","meta":{"give_campaign_id":0,"_et_pb_use_builder":"on","_et_pb_old_content":"","_et_gb_content_width":"","footnotes":""},"class_list":["post-330","page","type-page","status-publish","hentry"],"yoast_head":"<!-- This site is optimized with the Yoast SEO plugin v27.4 - https:\/\/yoast.com\/product\/yoast-seo-wordpress\/ -->\n<title>Nos statuts - Info-Sourds de Bruxelles<\/title>\n<meta name=\"description\" content=\"C&#039;est ici que vous pouvez retrouver notre document officiel \u00e9tablissant les statuts de 2023 de l&#039;asbl Info-Sourds.\" \/>\n<meta name=\"robots\" content=\"index, follow, max-snippet:-1, max-image-preview:large, max-video-preview:-1\" \/>\n<link rel=\"canonical\" href=\"https:\/\/www.infosourds.be\/nl\/wie-we-zijn\/presentatie\" \/>\n<meta property=\"og:locale\" content=\"nl_BE\" \/>\n<meta property=\"og:type\" content=\"article\" \/>\n<meta property=\"og:title\" content=\"Nos statuts - Info-Sourds de Bruxelles\" \/>\n<meta property=\"og:description\" content=\"C&#039;est ici que vous pouvez retrouver notre document officiel \u00e9tablissant les statuts de 2023 de l&#039;asbl Info-Sourds.\" \/>\n<meta property=\"og:url\" content=\"https:\/\/www.infosourds.be\/nl\/wie-we-zijn\/presentatie\" \/>\n<meta property=\"og:site_name\" content=\"Info-Sourds de Bruxelles\" \/>\n<meta property=\"article:publisher\" content=\"https:\/\/www.facebook.com\/InfosourdsdeBxl\" \/>\n<meta property=\"article:modified_time\" content=\"2025-04-11T13:19:00+00:00\" \/>\n<meta name=\"twitter:card\" content=\"summary_large_image\" \/>\n<meta name=\"twitter:label1\" content=\"Geschatte leestijd\" \/>\n\t<meta name=\"twitter:data1\" content=\"21 minuten\" \/>\n<script type=\"application\/ld+json\" class=\"yoast-schema-graph\">{\"@context\":\"https:\\\/\\\/schema.org\",\"@graph\":[{\"@type\":\"WebPage\",\"@id\":\"https:\\\/\\\/www.infosourds.be\\\/qui-sommes-nous\\\/nos-statuts\",\"url\":\"https:\\\/\\\/www.infosourds.be\\\/qui-sommes-nous\\\/nos-statuts\",\"name\":\"Nos statuts - Info-Sourds de Bruxelles\",\"isPartOf\":{\"@id\":\"https:\\\/\\\/www.infosourds.be\\\/#website\"},\"datePublished\":\"2017-02-20T09:13:21+00:00\",\"dateModified\":\"2025-04-11T13:19:00+00:00\",\"description\":\"C'est ici que vous pouvez retrouver notre document officiel \u00e9tablissant les statuts de 2023 de l'asbl Info-Sourds.\",\"breadcrumb\":{\"@id\":\"https:\\\/\\\/www.infosourds.be\\\/qui-sommes-nous\\\/nos-statuts#breadcrumb\"},\"inLanguage\":\"nl-BE\",\"potentialAction\":[{\"@type\":\"ReadAction\",\"target\":[\"https:\\\/\\\/www.infosourds.be\\\/qui-sommes-nous\\\/nos-statuts\"]}]},{\"@type\":\"BreadcrumbList\",\"@id\":\"https:\\\/\\\/www.infosourds.be\\\/qui-sommes-nous\\\/nos-statuts#breadcrumb\",\"itemListElement\":[{\"@type\":\"ListItem\",\"position\":1,\"name\":\"Accueil\",\"item\":\"https:\\\/\\\/www.infosourds.be\\\/\"},{\"@type\":\"ListItem\",\"position\":2,\"name\":\"QUI SOMMES-NOUS ?\",\"item\":\"https:\\\/\\\/www.infosourds.be\\\/qui-sommes-nous\"},{\"@type\":\"ListItem\",\"position\":3,\"name\":\"Nos statuts\"}]},{\"@type\":\"WebSite\",\"@id\":\"https:\\\/\\\/www.infosourds.be\\\/#website\",\"url\":\"https:\\\/\\\/www.infosourds.be\\\/\",\"name\":\"infosourds.be\",\"description\":\"Une personne avant tout\",\"publisher\":{\"@id\":\"https:\\\/\\\/www.infosourds.be\\\/#organization\"},\"potentialAction\":[{\"@type\":\"SearchAction\",\"target\":{\"@type\":\"EntryPoint\",\"urlTemplate\":\"https:\\\/\\\/www.infosourds.be\\\/?s={search_term_string}\"},\"query-input\":{\"@type\":\"PropertyValueSpecification\",\"valueRequired\":true,\"valueName\":\"search_term_string\"}}],\"inLanguage\":\"nl-BE\"},{\"@type\":\"Organization\",\"@id\":\"https:\\\/\\\/www.infosourds.be\\\/#organization\",\"name\":\"Info-Sourds de Bruxelles\",\"url\":\"https:\\\/\\\/www.infosourds.be\\\/\",\"logo\":{\"@type\":\"ImageObject\",\"inLanguage\":\"nl-BE\",\"@id\":\"https:\\\/\\\/www.infosourds.be\\\/#\\\/schema\\\/logo\\\/image\\\/\",\"url\":\"https:\\\/\\\/www.infosourds.be\\\/wp-content\\\/uploads\\\/2023\\\/03\\\/Logo_InfoSourds1.png\",\"contentUrl\":\"https:\\\/\\\/www.infosourds.be\\\/wp-content\\\/uploads\\\/2023\\\/03\\\/Logo_InfoSourds1.png\",\"width\":114,\"height\":121,\"caption\":\"Info-Sourds de Bruxelles\"},\"image\":{\"@id\":\"https:\\\/\\\/www.infosourds.be\\\/#\\\/schema\\\/logo\\\/image\\\/\"},\"sameAs\":[\"https:\\\/\\\/www.facebook.com\\\/InfosourdsdeBxl\",\"https:\\\/\\\/www.instagram.com\\\/infosourds_bxl\\\/\",\"https:\\\/\\\/www.linkedin.com\\\/company\\\/22615107\\\/\"]}]}<\/script>\n<!-- \/ Yoast SEO plugin. -->","yoast_head_json":{"title":"Onze statuten - Info-Sourds de Bruxelles","description":"Hier vind je ons offici\u00eble document met de statuten van Info-Sourds voor 2023.","robots":{"index":"index","follow":"follow","max-snippet":"max-snippet:-1","max-image-preview":"max-image-preview:large","max-video-preview":"max-video-preview:-1"},"canonical":"https:\/\/www.infosourds.be\/nl\/wie-we-zijn\/presentatie","og_locale":"nl_BE","og_type":"article","og_title":"Nos statuts - Info-Sourds de Bruxelles","og_description":"C'est ici que vous pouvez retrouver notre document officiel \u00e9tablissant les statuts de 2023 de l'asbl Info-Sourds.","og_url":"https:\/\/www.infosourds.be\/nl\/wie-we-zijn\/presentatie","og_site_name":"Info-Sourds de Bruxelles","article_publisher":"https:\/\/www.facebook.com\/InfosourdsdeBxl","article_modified_time":"2025-04-11T13:19:00+00:00","twitter_card":"summary_large_image","twitter_misc":{"Geschatte leestijd":"21 minuten"},"schema":{"@context":"https:\/\/schema.org","@graph":[{"@type":"WebPage","@id":"https:\/\/www.infosourds.be\/qui-sommes-nous\/nos-statuts","url":"https:\/\/www.infosourds.be\/qui-sommes-nous\/nos-statuts","name":"Onze statuten - Info-Sourds de Bruxelles","isPartOf":{"@id":"https:\/\/www.infosourds.be\/#website"},"datePublished":"2017-02-20T09:13:21+00:00","dateModified":"2025-04-11T13:19:00+00:00","description":"Hier vind je ons offici\u00eble document met de statuten van Info-Sourds voor 2023.","breadcrumb":{"@id":"https:\/\/www.infosourds.be\/qui-sommes-nous\/nos-statuts#breadcrumb"},"inLanguage":"nl-BE","potentialAction":[{"@type":"ReadAction","target":["https:\/\/www.infosourds.be\/qui-sommes-nous\/nos-statuts"]}]},{"@type":"BreadcrumbList","@id":"https:\/\/www.infosourds.be\/qui-sommes-nous\/nos-statuts#breadcrumb","itemListElement":[{"@type":"ListItem","position":1,"name":"Accueil","item":"https:\/\/www.infosourds.be\/"},{"@type":"ListItem","position":2,"name":"QUI SOMMES-NOUS ?","item":"https:\/\/www.infosourds.be\/qui-sommes-nous"},{"@type":"ListItem","position":3,"name":"Nos statuts"}]},{"@type":"WebSite","@id":"https:\/\/www.infosourds.be\/#website","url":"https:\/\/www.infosourds.be\/","name":"infosourds.be","description":"Een persoon boven alles","publisher":{"@id":"https:\/\/www.infosourds.be\/#organization"},"potentialAction":[{"@type":"SearchAction","target":{"@type":"EntryPoint","urlTemplate":"https:\/\/www.infosourds.be\/?s={search_term_string}"},"query-input":{"@type":"PropertyValueSpecification","valueRequired":true,"valueName":"search_term_string"}}],"inLanguage":"nl-BE"},{"@type":"Organization","@id":"https:\/\/www.infosourds.be\/#organization","name":"Info-Sourds de Bruxelles","url":"https:\/\/www.infosourds.be\/","logo":{"@type":"ImageObject","inLanguage":"nl-BE","@id":"https:\/\/www.infosourds.be\/#\/schema\/logo\/image\/","url":"https:\/\/www.infosourds.be\/wp-content\/uploads\/2023\/03\/Logo_InfoSourds1.png","contentUrl":"https:\/\/www.infosourds.be\/wp-content\/uploads\/2023\/03\/Logo_InfoSourds1.png","width":114,"height":121,"caption":"Info-Sourds de Bruxelles"},"image":{"@id":"https:\/\/www.infosourds.be\/#\/schema\/logo\/image\/"},"sameAs":["https:\/\/www.facebook.com\/InfosourdsdeBxl","https:\/\/www.instagram.com\/infosourds_bxl\/","https:\/\/www.linkedin.com\/company\/22615107\/"]}]}},"campaignId":"","_links":{"self":[{"href":"https:\/\/www.infosourds.be\/nl\/wp-json\/wp\/v2\/pages\/330","targetHints":{"allow":["GET"]}}],"collection":[{"href":"https:\/\/www.infosourds.be\/nl\/wp-json\/wp\/v2\/pages"}],"about":[{"href":"https:\/\/www.infosourds.be\/nl\/wp-json\/wp\/v2\/types\/page"}],"author":[{"embeddable":true,"href":"https:\/\/www.infosourds.be\/nl\/wp-json\/wp\/v2\/users\/2"}],"replies":[{"embeddable":true,"href":"https:\/\/www.infosourds.be\/nl\/wp-json\/wp\/v2\/comments?post=330"}],"version-history":[{"count":42,"href":"https:\/\/www.infosourds.be\/nl\/wp-json\/wp\/v2\/pages\/330\/revisions"}],"predecessor-version":[{"id":34241,"href":"https:\/\/www.infosourds.be\/nl\/wp-json\/wp\/v2\/pages\/330\/revisions\/34241"}],"up":[{"embeddable":true,"href":"https:\/\/www.infosourds.be\/nl\/wp-json\/wp\/v2\/pages\/28640"}],"wp:attachment":[{"href":"https:\/\/www.infosourds.be\/nl\/wp-json\/wp\/v2\/media?parent=330"}],"curies":[{"name":"wp","href":"https:\/\/api.w.org\/{rel}","templated":true}]}}