{"version":"1.0","provider_name":"Info-Sourds de Bruxelles","provider_url":"https:\/\/www.infosourds.be\/nl","author_name":"Webmaster","author_url":"https:\/\/www.infosourds.be\/nl\/author\/lise","title":"S\u00e9minaire sur le th\u00e8me de la \"D\u00e9tresse \u00e9motionnelle\" - Info-Sourds de Bruxelles","type":"rich","width":600,"height":338,"html":"<blockquote class=\"wp-embedded-content\" data-secret=\"N0MdE4VM75\"><a href=\"https:\/\/www.infosourds.be\/nl\/seminaire-sur-le-theme-de-la-detresse-emotionnelle\">Seminar over het thema \u00abEmotionele nood\u00bb<\/a><\/blockquote><iframe sandbox=\"allow-scripts\" security=\"restricted\" src=\"https:\/\/www.infosourds.be\/nl\/seminaire-sur-le-theme-de-la-detresse-emotionnelle\/embed#?secret=N0MdE4VM75\" width=\"600\" height=\"338\" title=\"&#8220;S\u00e9minaire sur le th\u00e8me de la \u00ab\u00a0D\u00e9tresse \u00e9motionnelle\u00a0\u00bb&#8221; &#8212; Info-Sourds de Bruxelles\" data-secret=\"N0MdE4VM75\" frameborder=\"0\" marginwidth=\"0\" marginheight=\"0\" scrolling=\"no\" class=\"wp-embedded-content\"><\/iframe><script type=\"text\/javascript\">\n\/* <![CDATA[ *\/\n\/*! This file is auto-generated *\/\n!function(d,l){\"use strict\";l.querySelector&&d.addEventListener&&\"undefined\"!=typeof URL&&(d.wp=d.wp||{},d.wp.receiveEmbedMessage||(d.wp.receiveEmbedMessage=function(e){var t=e.data;if((t||t.secret||t.message||t.value)&&!\/[^a-zA-Z0-9]\/.test(t.secret)){for(var s,r,n,a=l.querySelectorAll('iframe[data-secret=\"'+t.secret+'\"]'),o=l.querySelectorAll('blockquote[data-secret=\"'+t.secret+'\"]'),c=new RegExp(\"^https?:$\",\"i\"),i=0;i<o.length;i++)o[i].style.display=\"none\";for(i=0;i<a.length;i++)s=a[i],e.source===s.contentWindow&&(s.removeAttribute(\"style\"),\"height\"===t.message?(1e3<(r=parseInt(t.value,10))?r=1e3:~~r<200&&(r=200),s.height=r):\"link\"===t.message&&(r=new URL(s.getAttribute(\"src\")),n=new URL(t.value),c.test(n.protocol))&&n.host===r.host&&l.activeElement===s&&(d.top.location.href=t.value))}},d.addEventListener(\"message\",d.wp.receiveEmbedMessage,!1),l.addEventListener(\"DOMContentLoaded\",function(){for(var e,t,s=l.querySelectorAll(\"iframe.wp-embedded-content\"),r=0;r<s.length;r++)(t=(e=s[r]).getAttribute(\"data-secret\"))||(t=Math.random().toString(36).substring(2,12),e.src+=\"#?secret=\"+t,e.setAttribute(\"data-secret\",t)),e.contentWindow.postMessage({message:\"ready\",secret:t},\"*\")},!1)))}(window,document);\n\/\/# sourceURL=https:\/\/www.infosourds.be\/wp-includes\/js\/wp-embed.min.js\n\/* ]]> *\/\n<\/script>","description":"Les interpr\u00e8tes travaillent dans des contextes o\u00f9 ils et elles sont amen\u00e9s \u00e0 transmettre des contenus parfois lourdement charg\u00e9s sur le plan \u00e9motionnel. Ces contenus peuvent entra\u00eener des r\u00e9percussions sur la qualit\u00e9 des prestations, mais aussi sur le bien-\u00eatre physique et mental des interpr\u00e8tes. Le risque peut \u00eatre accru lorsque l\u2019exposition se r\u00e9p\u00e8te, ou lorsque ce qui est interpr\u00e9t\u00e9 fait \u00e9cho au v\u00e9cu personnel du prestataire.","thumbnail_url":"https:\/\/www.infosourds.be\/wp-content\/uploads\/2025\/04\/Anne-Delizee.webp","thumbnail_width":571,"thumbnail_height":480}